{"id":6589,"date":"2021-06-08T11:11:28","date_gmt":"2021-06-08T11:11:28","guid":{"rendered":"https:\/\/www.schneider-fassaden.de\/jobs\/apprenticeship-techical-system-planner-m-f-d\/"},"modified":"2021-11-12T11:18:44","modified_gmt":"2021-11-12T11:18:44","slug":"apprenticeship-techical-system-planner-m-f-d","status":"publish","type":"jobs","link":"https:\/\/www.schneider-fassaden.de\/en\/jobs\/apprenticeship-techical-system-planner-m-f-d\/","title":{"rendered":"Apprenticeship Techical System Planner (m\/f\/d)"},"content":{"rendered":"<div class=\"wpb-content-wrapper\"><p>[vc_row disable_element=&#8221;yes&#8221;][vc_column]<div class=\"sgb_pdf_page_start\"><\/div>[\/vc_column][\/vc_row][vc_row gap=&#8221;35&#8243; disable_element=&#8221;yes&#8221; css=&#8221;.vc_custom_1636715827151{padding-right: 30px !important;}&#8221;][vc_column width=&#8221;1\/2&#8243; css=&#8221;.vc_custom_1597756374196{padding-top: 25px !important;}&#8221;][vc_custom_heading text=&#8221;DEIN AUFGABENGEBIET&#8221; use_theme_fonts=&#8221;yes&#8221;][vc_empty_space height=&#8221;35px&#8221;]<div class=\"uavc-list-icon uavc-list-icon-wrapper ult-adjust-bottom-margin   \"><ul class=\"uavc-list\"><li><div class=\"uavc-list-content\" id=\"list-icon-wrap-1069\">\n<div class=\"uavc-list-icon  \" data-animation=\"\" data-animation-delay=\"03\" style=\"margin-right:10px;\"><div class=\"ult-just-icon-wrapper  \"><div class=\"align-icon\" style=\"text-align:center;\">\n<div class=\"aio-icon none \"  style=\"color:#333333;font-size:10px;display:inline-block;\">\n\t<i class=\"Defaults-circle\"><\/i>\n<\/div><\/div><\/div>\n<\/div><span  data-ultimate-target='#list-icon-wrap-1069 .uavc-list-desc'  data-responsive-json-new='{\"font-size\":\"\",\"line-height\":\"\"}'  class=\"uavc-list-desc ult-responsive\" style=\"\">Bereits zu Beginn deiner Ausbildung wirkst du tatkr\u00e4ftig bei spannenden Fassadenprojekten im Bereich <strong>Stahl- und Metallbautechnik<\/strong> mit.<\/span><\/div><\/li><li><div class=\"uavc-list-content\" id=\"list-icon-wrap-2667\">\n<div class=\"uavc-list-icon  \" data-animation=\"\" data-animation-delay=\"03\" style=\"margin-right:10px;\"><div class=\"ult-just-icon-wrapper  \"><div class=\"align-icon\" style=\"text-align:center;\">\n<div class=\"aio-icon none \"  style=\"color:#333333;font-size:10px;display:inline-block;\">\n\t<i class=\"Defaults-circle\"><\/i>\n<\/div><\/div><\/div>\n<\/div><span  data-ultimate-target='#list-icon-wrap-2667 .uavc-list-desc'  data-responsive-json-new='{\"font-size\":\"\",\"line-height\":\"\"}'  class=\"uavc-list-desc ult-responsive\" style=\"\">Mit Hilfe verschiedener Computerprogramme lernst du Entw\u00fcrfe, Skizzen und technische Zeichnungen in 2D und 3D zu erstellen.<\/span><\/div><\/li><li><div class=\"uavc-list-content\" id=\"list-icon-wrap-4629\">\n<div class=\"uavc-list-icon  \" data-animation=\"\" data-animation-delay=\"03\" style=\"margin-right:10px;\"><div class=\"ult-just-icon-wrapper  \"><div class=\"align-icon\" style=\"text-align:center;\">\n<div class=\"aio-icon none \"  style=\"color:#333333;font-size:10px;display:inline-block;\">\n\t<i class=\"Defaults-circle\"><\/i>\n<\/div><\/div><\/div>\n<\/div><span  data-ultimate-target='#list-icon-wrap-4629 .uavc-list-desc'  data-responsive-json-new='{\"font-size\":\"\",\"line-height\":\"\"}'  class=\"uavc-list-desc ult-responsive\" style=\"\">Dar\u00fcber hinaus fertigst du Montage- und St\u00fccklisten f\u00fcr die Bauprojekte an.<\/span><\/div><\/li><li><div class=\"uavc-list-content\" id=\"list-icon-wrap-6203\">\n<div class=\"uavc-list-icon  \" data-animation=\"\" data-animation-delay=\"03\" style=\"margin-right:10px;\"><div class=\"ult-just-icon-wrapper  \"><div class=\"align-icon\" style=\"text-align:center;\">\n<div class=\"aio-icon none \"  style=\"color:#333333;font-size:10px;display:inline-block;\">\n\t<i class=\"Defaults-circle\"><\/i>\n<\/div><\/div><\/div>\n<\/div><span  data-ultimate-target='#list-icon-wrap-6203 .uavc-list-desc'  data-responsive-json-new='{\"font-size\":\"\",\"line-height\":\"\"}'  class=\"uavc-list-desc ult-responsive\" style=\"\">Du wirst u.a. Berechnungen von Bauteilen durchf\u00fchren, verschiedene Werkstoffe unterscheiden aber auch \u00fcberlegen wie die erstellten Pl\u00e4ne umgesetzt werden k\u00f6nnen.<\/span><\/div><\/li><li><div class=\"uavc-list-content\" id=\"list-icon-wrap-4436\">\n<div class=\"uavc-list-icon  \" data-animation=\"\" data-animation-delay=\"03\" style=\"margin-right:10px;\"><div class=\"ult-just-icon-wrapper  \"><div class=\"align-icon\" style=\"text-align:center;\">\n<div class=\"aio-icon none \"  style=\"color:#333333;font-size:10px;display:inline-block;\">\n\t<i class=\"Defaults-circle\"><\/i>\n<\/div><\/div><\/div>\n<\/div><span  data-ultimate-target='#list-icon-wrap-4436 .uavc-list-desc'  data-responsive-json-new='{\"font-size\":\"\",\"line-height\":\"\"}'  class=\"uavc-list-desc ult-responsive\" style=\"\">Deine konzipierten L\u00f6sungen sorgen daf\u00fcr, dass es sp\u00e4ter auf der Baustelle l\u00e4uft.<\/span><\/div><\/li><\/ul><\/div>[vc_empty_space height=&#8221;35px&#8221;][vc_single_image image=&#8221;1839&#8243; img_size=&#8221;full&#8221;][vc_empty_space height=&#8221;70px&#8221;][vc_custom_heading text=&#8221;DEINE PERSPEKTIVEN&#8221; use_theme_fonts=&#8221;yes&#8221;][vc_empty_space height=&#8221;35px&#8221;]<div class=\"uavc-list-icon uavc-list-icon-wrapper ult-adjust-bottom-margin   \"><ul class=\"uavc-list\"><li><div class=\"uavc-list-content\" id=\"list-icon-wrap-3405\">\n<div class=\"uavc-list-icon  \" data-animation=\"\" data-animation-delay=\"03\" style=\"margin-right:10px;\"><div class=\"ult-just-icon-wrapper  \"><div class=\"align-icon\" style=\"text-align:center;\">\n<div class=\"aio-icon none \"  style=\"color:#333333;font-size:10px;display:inline-block;\">\n\t<i class=\"Defaults-circle\"><\/i>\n<\/div><\/div><\/div>\n<\/div><span  data-ultimate-target='#list-icon-wrap-3405 .uavc-list-desc'  data-responsive-json-new='{\"font-size\":\"\",\"line-height\":\"\"}'  class=\"uavc-list-desc ult-responsive\" style=\"\">Bei einem Marktf\u00fchrer seiner Branche erlernst du ein breites und interessantes T\u00e4tigkeitsspektrum in einem internationalen Umfeld.<\/span><\/div><\/li><li><div class=\"uavc-list-content\" id=\"list-icon-wrap-1602\">\n<div class=\"uavc-list-icon  \" data-animation=\"\" data-animation-delay=\"03\" style=\"margin-right:10px;\"><div class=\"ult-just-icon-wrapper  \"><div class=\"align-icon\" style=\"text-align:center;\">\n<div class=\"aio-icon none \"  style=\"color:#333333;font-size:10px;display:inline-block;\">\n\t<i class=\"Defaults-circle\"><\/i>\n<\/div><\/div><\/div>\n<\/div><span  data-ultimate-target='#list-icon-wrap-1602 .uavc-list-desc'  data-responsive-json-new='{\"font-size\":\"\",\"line-height\":\"\"}'  class=\"uavc-list-desc ult-responsive\" style=\"\">Du wirst w\u00e4hrend deiner Ausbildung von qualifizierten Ausbildern und Fachbetreuern begleitet.<\/span><\/div><\/li><li><div class=\"uavc-list-content\" id=\"list-icon-wrap-4138\">\n<div class=\"uavc-list-icon  \" data-animation=\"\" data-animation-delay=\"03\" style=\"margin-right:10px;\"><div class=\"ult-just-icon-wrapper  \"><div class=\"align-icon\" style=\"text-align:center;\">\n<div class=\"aio-icon none \"  style=\"color:#333333;font-size:10px;display:inline-block;\">\n\t<i class=\"Defaults-circle\"><\/i>\n<\/div><\/div><\/div>\n<\/div><span  data-ultimate-target='#list-icon-wrap-4138 .uavc-list-desc'  data-responsive-json-new='{\"font-size\":\"\",\"line-height\":\"\"}'  class=\"uavc-list-desc ult-responsive\" style=\"\">Ein sicherer und moderner Arbeitsplatz ist bei uns genauso selbstverst\u00e4ndlich wie eine faire und p\u00fcnktliche Verg\u00fctung.<\/span><\/div><\/li><li><div class=\"uavc-list-content\" id=\"list-icon-wrap-4647\">\n<div class=\"uavc-list-icon  \" data-animation=\"\" data-animation-delay=\"03\" style=\"margin-right:10px;\"><div class=\"ult-just-icon-wrapper  \"><div class=\"align-icon\" style=\"text-align:center;\">\n<div class=\"aio-icon none \"  style=\"color:#333333;font-size:10px;display:inline-block;\">\n\t<i class=\"Defaults-circle\"><\/i>\n<\/div><\/div><\/div>\n<\/div><span  data-ultimate-target='#list-icon-wrap-4647 .uavc-list-desc'  data-responsive-json-new='{\"font-size\":\"\",\"line-height\":\"\"}'  class=\"uavc-list-desc ult-responsive\" style=\"\">Du erh\u00e4ltst von uns sehr gute Aussichten auf \u00dcbernahme nach deiner 3,5-j\u00e4hrigen Ausbildung, welche bei guter Leistung auch verk\u00fcrzt werden kann.<\/span><\/div><\/li><\/ul><\/div>[\/vc_column][vc_column width=&#8221;1\/2&#8243;][vc_single_image image=&#8221;4806&#8243; img_size=&#8221;800&#215;550&#8243;][vc_empty_space height=&#8221;60px&#8221;][vc_custom_heading text=&#8221;DAS BRINGST DU MIT&#8221; use_theme_fonts=&#8221;yes&#8221;][vc_empty_space height=&#8221;35px&#8221;]<div class=\"uavc-list-icon uavc-list-icon-wrapper ult-adjust-bottom-margin   \"><ul class=\"uavc-list\"><li><div class=\"uavc-list-content\" id=\"list-icon-wrap-4313\">\n<div class=\"uavc-list-icon  \" data-animation=\"\" data-animation-delay=\"03\" style=\"margin-right:10px;\"><div class=\"ult-just-icon-wrapper  \"><div class=\"align-icon\" style=\"text-align:center;\">\n<div class=\"aio-icon none \"  style=\"color:#333333;font-size:10px;display:inline-block;\">\n\t<i class=\"Defaults-circle\"><\/i>\n<\/div><\/div><\/div>\n<\/div><span  data-ultimate-target='#list-icon-wrap-4313 .uavc-list-desc'  data-responsive-json-new='{\"font-size\":\"\",\"line-height\":\"\"}'  class=\"uavc-list-desc ult-responsive\" style=\"\">Deinen guten Realschulabschluss oder (Fach-) Abitur hast du (so gut wie) in der Tasche.<\/span><\/div><\/li><li><div class=\"uavc-list-content\" id=\"list-icon-wrap-4371\">\n<div class=\"uavc-list-icon  \" data-animation=\"\" data-animation-delay=\"03\" style=\"margin-right:10px;\"><div class=\"ult-just-icon-wrapper  \"><div class=\"align-icon\" style=\"text-align:center;\">\n<div class=\"aio-icon none \"  style=\"color:#333333;font-size:10px;display:inline-block;\">\n\t<i class=\"Defaults-circle\"><\/i>\n<\/div><\/div><\/div>\n<\/div><span  data-ultimate-target='#list-icon-wrap-4371 .uavc-list-desc'  data-responsive-json-new='{\"font-size\":\"\",\"line-height\":\"\"}'  class=\"uavc-list-desc ult-responsive\" style=\"\">Du verf\u00fcgst \u00fcber ein gutes r\u00e4umliches Vorstellungsverm\u00f6gen und besitzt die F\u00e4higkeit, technische Zusammenh\u00e4nge zu verkn\u00fcpfen.<\/span><\/div><\/li><li><div class=\"uavc-list-content\" id=\"list-icon-wrap-9099\">\n<div class=\"uavc-list-icon  \" data-animation=\"\" data-animation-delay=\"03\" style=\"margin-right:10px;\"><div class=\"ult-just-icon-wrapper  \"><div class=\"align-icon\" style=\"text-align:center;\">\n<div class=\"aio-icon none \"  style=\"color:#333333;font-size:10px;display:inline-block;\">\n\t<i class=\"Defaults-circle\"><\/i>\n<\/div><\/div><\/div>\n<\/div><span  data-ultimate-target='#list-icon-wrap-9099 .uavc-list-desc'  data-responsive-json-new='{\"font-size\":\"\",\"line-height\":\"\"}'  class=\"uavc-list-desc ult-responsive\" style=\"\">Die F\u00e4cher Mathe und Physik machen dir Spa\u00df \u2013 genauso wie das Gestalten und Zeichnen.<\/span><\/div><\/li><li><div class=\"uavc-list-content\" id=\"list-icon-wrap-7769\">\n<div class=\"uavc-list-icon  \" data-animation=\"\" data-animation-delay=\"03\" style=\"margin-right:10px;\"><div class=\"ult-just-icon-wrapper  \"><div class=\"align-icon\" style=\"text-align:center;\">\n<div class=\"aio-icon none \"  style=\"color:#333333;font-size:10px;display:inline-block;\">\n\t<i class=\"Defaults-circle\"><\/i>\n<\/div><\/div><\/div>\n<\/div><span  data-ultimate-target='#list-icon-wrap-7769 .uavc-list-desc'  data-responsive-json-new='{\"font-size\":\"\",\"line-height\":\"\"}'  class=\"uavc-list-desc ult-responsive\" style=\"\">Da du dich am PC wohl f\u00fchlst, kannst du schon erste MS Office-Kenntnisse nachweisen.<\/span><\/div><\/li><li><div class=\"uavc-list-content\" id=\"list-icon-wrap-8514\">\n<div class=\"uavc-list-icon  \" data-animation=\"\" data-animation-delay=\"03\" style=\"margin-right:10px;\"><div class=\"ult-just-icon-wrapper  \"><div class=\"align-icon\" style=\"text-align:center;\">\n<div class=\"aio-icon none \"  style=\"color:#333333;font-size:10px;display:inline-block;\">\n\t<i class=\"Defaults-circle\"><\/i>\n<\/div><\/div><\/div>\n<\/div><span  data-ultimate-target='#list-icon-wrap-8514 .uavc-list-desc'  data-responsive-json-new='{\"font-size\":\"\",\"line-height\":\"\"}'  class=\"uavc-list-desc ult-responsive\" style=\"\">Kreativit\u00e4t sowie Lernbereitschaft zeichnen dich ebenso aus wie dein hohes technisches Interesse.<\/span><\/div><\/li><\/ul><\/div>[vc_empty_space height=&#8221;30px&#8221;][vc_single_image image=&#8221;1823&#8243; img_size=&#8221;800&#215;600&#8243;][\/vc_column][\/vc_row][vc_row gap=&#8221;35&#8243; css=&#8221;.vc_custom_1622031978754{padding-right: 30px !important;}&#8221;][vc_column][vc_empty_space height=&#8221;60&#8243;][vc_custom_heading text=&#8221;Please note: This job offer is currently only available in German language.&#8221; use_theme_fonts=&#8221;yes&#8221;][\/vc_column][\/vc_row][vc_row disable_element=&#8221;yes&#8221;][vc_column]<div class=\"sgb_pdf_page_end\"><\/div>[\/vc_column][\/vc_row][vc_row disable_element=&#8221;yes&#8221;][vc_column]<div class=\"sgb_pdf_wrapper\"><a target=\"_blank\" rel=\"noindex,nofollow\" data-post_url=\"https:\/\/www.schneider-fassaden.de\/en\/jobs\/apprenticeship-techical-system-planner-m-f-d\/?generate_pdf=true\" data-post_id=\"6589\" title=\"Download PDF\" data-pdf_cache=\"\" data-pdf_class=\"\" data-pdf_id=\"\" class=\"sgb_pgawvc_pdf_button\" data-pdf_mode=\"1\"><img loading=\"lazy\" decoding=\"async\" alt=\"Download PDF\" src=\"https:\/\/www.schneider-fassaden.de\/wp-content\/uploads\/2020\/04\/Icon_arrowdown_grey-e1587814516580.png\" width=\"40\" height=\"60\"><\/a><\/div>[\/vc_column][\/vc_row][vc_row gap=&#8221;35&#8243; disable_element=&#8221;yes&#8221; css=&#8221;.vc_custom_1620814876415{padding-right: 30px !important;background-color: #017955 !important;}&#8221;][vc_column css=&#8221;.vc_custom_1585496943819{margin-bottom: -20px !important;padding-top: 15px !important;}&#8221;][vc_column_text el_class=&#8221;white-text&#8221;][\/vc_column_text][\/vc_column][\/vc_row][vc_row el_class=&#8221;form-btn&#8221; css=&#8221;.vc_custom_1597512466908{margin-left: 0px !important;}&#8221;][vc_column css=&#8221;.vc_custom_1597512458945{padding-top: 30px !important;background-color: #f6f6f6 !important;}&#8221;]<div class=\" ubtn-ctn-center \"><a class=\"ubtn-link ult-adjust-bottom-margin ubtn-center ubtn-large \" href=\"\/en\/jobs\/unsolicited-application\/\" ><button type=\"button\" id=\"ubtn-6210\"  class=\"ubtn ult-adjust-bottom-margin ult-responsive ubtn-large ubtn-no-hover-bg  none  ubtn-center   tooltip-69f5e07a31ded\"  data-hover=\"\" data-border-color=\"\" data-bg=\"#f6f6f6\" data-hover-bg=\"\" data-border-hover=\"\" data-shadow-hover=\"\" data-shadow-click=\"none\" data-shadow=\"\" data-shd-shadow=\"\"  data-ultimate-target='#ubtn-6210'  data-responsive-json-new='{\"font-size\":\"desktop:40px;\",\"line-height\":\"\"}'  style=\"font-weight:bold;border:none;background: #f6f6f6;color: #017955;\"><span class=\"ubtn-hover\" style=\"background-color:\"><\/span><span class=\"ubtn-data ubtn-text \" >Didn&#039;t find anything suitable? - You can send us your unsolicited application HERE!<\/span><\/button><\/a><\/div>[\/vc_column][\/vc_row][vc_row gap=&#8221;35&#8243; content_placement=&#8221;middle&#8221; disable_element=&#8221;yes&#8221; css=&#8221;.vc_custom_1636715904754{padding-right: 30px !important;background-color: #017955 !important;}&#8221; el_class=&#8221;pdf_display_none&#8221;][vc_column css=&#8221;.vc_custom_1585496943819{margin-bottom: -20px !important;padding-top: 15px !important;}&#8221;]<div class=\"sgb_pdf_wrapper\"><a target=\"_blank\" rel=\"noindex,nofollow\" data-post_url=\"https:\/\/www.schneider-fassaden.de\/en\/jobs\/apprenticeship-techical-system-planner-m-f-d\/?generate_pdf=true\" data-post_id=\"6589\" title=\"Download PDF\" data-pdf_cache=\"\" data-pdf_class=\"\" data-pdf_id=\"\" class=\"sgb_pgawvc_pdf_button\" data-pdf_mode=\"1\"><img loading=\"lazy\" decoding=\"async\" alt=\"Download PDF\" src=\"https:\/\/www.schneider-fassaden.de\/wp-content\/uploads\/2020\/08\/download_icon.png\" width=\"200\" height=\"40\"><\/a><\/div>[\/vc_column][\/vc_row][vc_row gap=&#8221;35&#8243; disable_element=&#8221;yes&#8221; el_id=&#8221;contactform&#8221; css=&#8221;.vc_custom_1636715910727{padding-right: 15px !important;}&#8221;][vc_column width=&#8221;1\/2&#8243;][vc_custom_heading text=&#8221;APPLICATION FORM&#8221; use_theme_fonts=&#8221;yes&#8221;][vc_column_text]<\/p>\n<p style=\"text-align: justify;\">Bitte beachte bei der Eingabe deiner Daten auch unsere <a href=\"https:\/\/www.schneider-fassaden.de\/en\/privacy-policy\/\" target=\"_blank\" rel=\"noopener noreferrer\"><strong>Datenschutzhinweise<\/strong><\/a>. Bei R\u00fcckfragen kannst du uns gerne telefonisch kontaktieren. Wir freuen uns auf deine Bewerbung. Deine Unterlagen kannst du uns schriftlich \u00fcber das Bewerbungsformular, per E-Mail oder Post zukommen lassen:<\/p>\n<p>[\/vc_column_text][vc_empty_space height=&#8221;64px&#8221;][vc_custom_heading text=&#8221;Dein Ansprechpartner:&#8221; font_container=&#8221;tag:h5|text_align:left&#8221; use_theme_fonts=&#8221;yes&#8221;][vc_empty_space height=&#8221;64px&#8221;][vc_basic_grid post_type=&#8221;ansprechpartner&#8221; max_items=&#8221;-1&#8243; show_filter=&#8221;yes&#8221; element_width=&#8221;12&#8243; gap=&#8221;0&#8243; filter_style=&#8221;bordered&#8221; item=&#8221;5087&#8243; grid_id=&#8221;vc_gid:1636715817180-91a413a4-92b2-4&#8243; filter_source=&#8221;standorte&#8221; taxonomies=&#8221;37&#8243;][\/vc_column][vc_column width=&#8221;1\/2&#8243; el_class=&#8221;kontakt&#8221;]\n<div class=\"wpcf7 no-js\" id=\"wpcf7-f4030-o1\" lang=\"de-DE\" dir=\"ltr\" data-wpcf7-id=\"4030\">\n<div class=\"screen-reader-response\"><p role=\"status\" aria-live=\"polite\" aria-atomic=\"true\"><\/p> <ul><\/ul><\/div>\n<form action=\"\/en\/wp-json\/wp\/v2\/jobs\/6589#wpcf7-f4030-o1\" method=\"post\" class=\"wpcf7-form init\" aria-label=\"Kontaktformular\" novalidate=\"novalidate\" data-status=\"init\">\n<fieldset class=\"hidden-fields-container\"><input type=\"hidden\" name=\"_wpcf7\" value=\"4030\" \/><input type=\"hidden\" name=\"_wpcf7_version\" value=\"6.1.4\" \/><input type=\"hidden\" name=\"_wpcf7_locale\" value=\"de_DE\" \/><input type=\"hidden\" name=\"_wpcf7_unit_tag\" value=\"wpcf7-f4030-o1\" \/><input type=\"hidden\" name=\"_wpcf7_container_post\" value=\"0\" \/><input type=\"hidden\" name=\"_wpcf7_posted_data_hash\" value=\"\" \/><input type=\"hidden\" name=\"_wpcf7dtx_version\" value=\"5.0.4\" \/>\n<\/fieldset>\n<p><span class=\"wpcf7-form-control-wrap dynamicname\" data-name=\"dynamicname\"><input type=\"text\" name=\"dynamicname\" class=\"wpcf7-form-control wpcf7-text wpcf7dtx wpcf7dtx-text\" aria-invalid=\"false\" readonly=\"readonly\" value=\"Apprenticeship Techical System Planner (m\/f\/d)\"><\/span>\n<\/p>\n<div class=\"vc_row\">\n\t<div class=\"vc_col-sm-12\">\n\t\t<p><span class=\"wpcf7-form-control-wrap\" data-name=\"location\"><select class=\"wpcf7-form-control wpcf7-select wpcf7-validates-as-required\" aria-required=\"true\" aria-invalid=\"false\" name=\"location\"><option value=\"Calau &lt;bewerbung@rapid-calau.de&gt;\">Calau<\/option><option >Luxemburg<\/option><option value=\"Radeburg &lt;bewerbung@rf-fassaden.de&gt;\">Radeburg<\/option><option value=\"Stimpfach&lt;bewerbung@schneider-fassaden.de&gt;\">Stimpfach<\/option><\/select><\/span>\n\t\t<\/p>\n\t\t<p><span class=\"wpcf7-form-control-wrap\" data-name=\"anrede\"><select class=\"wpcf7-form-control wpcf7-select wpcf7-validates-as-required\" aria-required=\"true\" aria-invalid=\"false\" name=\"anrede\"><option value=\"\">Neutrale Anrede<\/option><option value=\"Herr\">Herr<\/option><option value=\"Frau\">Frau<\/option><\/select><\/span>\n\t\t<\/p>\n\t\t<p><span class=\"wpcf7-form-control-wrap\" data-name=\"vor-name\"><input size=\"40\" maxlength=\"400\" class=\"wpcf7-form-control wpcf7-text wpcf7-validates-as-required\" aria-required=\"true\" aria-invalid=\"false\" placeholder=\"Vorname *\" value=\"\" type=\"text\" name=\"vor-name\" \/><\/span>\n\t\t<\/p>\n\t\t<p><span class=\"wpcf7-form-control-wrap\" data-name=\"nach-name\"><input size=\"40\" maxlength=\"400\" class=\"wpcf7-form-control wpcf7-text wpcf7-validates-as-required\" aria-required=\"true\" aria-invalid=\"false\" placeholder=\"Nachname *\" value=\"\" type=\"text\" name=\"nach-name\" \/><\/span>\n\t\t<\/p>\n\t\t<p><span class=\"wpcf7-form-control-wrap\" data-name=\"str\"><input size=\"40\" maxlength=\"400\" class=\"wpcf7-form-control wpcf7-text wpcf7-validates-as-required\" aria-required=\"true\" aria-invalid=\"false\" placeholder=\"Stra\u00dfe *\" value=\"\" type=\"text\" name=\"str\" \/><\/span>\n\t\t<\/p>\n\t\t<p><span class=\"wpcf7-form-control-wrap\" data-name=\"hnr\"><input size=\"40\" maxlength=\"400\" class=\"wpcf7-form-control wpcf7-text wpcf7-validates-as-required\" aria-required=\"true\" aria-invalid=\"false\" placeholder=\"Hausnummer *\" value=\"\" type=\"text\" name=\"hnr\" \/><\/span>\n\t\t<\/p>\n\t\t<p><span class=\"wpcf7-form-control-wrap\" data-name=\"plz\"><input size=\"40\" maxlength=\"400\" class=\"wpcf7-form-control wpcf7-text wpcf7-validates-as-required\" aria-required=\"true\" aria-invalid=\"false\" placeholder=\"PLZ *\" value=\"\" type=\"text\" name=\"plz\" \/><\/span>\n\t\t<\/p>\n\t\t<p><span class=\"wpcf7-form-control-wrap\" data-name=\"ort\"><input size=\"40\" maxlength=\"400\" class=\"wpcf7-form-control wpcf7-text wpcf7-validates-as-required\" aria-required=\"true\" aria-invalid=\"false\" placeholder=\"Ort *\" value=\"\" type=\"text\" name=\"ort\" \/><\/span>\n\t\t<\/p>\n\t\t<p><span class=\"wpcf7-form-control-wrap\" data-name=\"land\"><input size=\"40\" maxlength=\"400\" class=\"wpcf7-form-control wpcf7-text\" aria-invalid=\"false\" placeholder=\"Land\" value=\"\" type=\"text\" name=\"land\" \/><\/span>\n\t\t<\/p>\n\t\t<p><span class=\"wpcf7-form-control-wrap\" data-name=\"gebdatum\"><input size=\"40\" maxlength=\"400\" class=\"wpcf7-form-control wpcf7-text\" aria-invalid=\"false\" placeholder=\"Geburtsdatum\" value=\"\" type=\"text\" name=\"gebdatum\" \/><\/span>\n\t\t<\/p>\n\t\t<p><span class=\"wpcf7-form-control-wrap\" data-name=\"gebort\"><input size=\"40\" maxlength=\"400\" class=\"wpcf7-form-control wpcf7-text\" aria-invalid=\"false\" placeholder=\"Geburtsort\" value=\"\" type=\"text\" name=\"gebort\" \/><\/span>\n\t\t<\/p>\n\t\t<p><span class=\"wpcf7-form-control-wrap\" data-name=\"tel\"><input size=\"40\" maxlength=\"400\" class=\"wpcf7-form-control wpcf7-text\" aria-invalid=\"false\" placeholder=\"Telefon\" value=\"\" type=\"text\" name=\"tel\" \/><\/span>\n\t\t<\/p>\n\t\t<p><span class=\"wpcf7-form-control-wrap\" data-name=\"your-email\"><input size=\"40\" maxlength=\"400\" class=\"wpcf7-form-control wpcf7-email wpcf7-validates-as-required wpcf7-text wpcf7-validates-as-email\" aria-required=\"true\" aria-invalid=\"false\" placeholder=\"E-Mail *\" value=\"\" type=\"email\" name=\"your-email\" \/><\/span>\n\t\t<\/p>\n\t\t<p style=\"padding-left:15px;padding-top:10px;\">Wie bist du auf das Ausbildungsangebot aufmerksam geworden?\n\t\t<\/p>\n\t\t<p><span class=\"wpcf7-form-control-wrap\" data-name=\"aufmerksam\"><select class=\"wpcf7-form-control wpcf7-select wpcf7-validates-as-required\" aria-required=\"true\" aria-invalid=\"false\" name=\"aufmerksam\"><option value=\"Bitte ausw\u00e4hlen\">Bitte ausw\u00e4hlen<\/option><option value=\"Homepage\">Homepage<\/option><option value=\"Familie, Freunde, Bekannte\">Familie, Freunde, Bekannte<\/option><option value=\"Zeitungsanzeige\">Zeitungsanzeige<\/option><option value=\"Plakatwerbung\">Plakatwerbung<\/option><option value=\"Messe\">Messe<\/option><option value=\"Facebook\">Facebook<\/option><option value=\"Instagram\">Instagram<\/option><option value=\"LinkedIn\">LinkedIn<\/option><option value=\"IHK Lehrstellenb\u00f6rse\">IHK Lehrstellenb\u00f6rse<\/option><option value=\"Indeed\">Indeed<\/option><option value=\"Agentur f\u00fcr Arbeit (Jobb\u00f6rse)\">Agentur f\u00fcr Arbeit (Jobb\u00f6rse)<\/option><option value=\"Ebay Kleinanzeigen\">Ebay Kleinanzeigen<\/option><option value=\"Berufsstart\">Berufsstart<\/option><option value=\"Sonstiges\">Sonstiges<\/option><\/select><\/span>\n\t\t<\/p>\n\t\t<p style=\"padding-left:15px;padding-bottom:20px;padding-top:10px;\"><br \/>\nDie Dateigr\u00f6\u00dfe je angeh\u00e4ngtes Dokument sollte 4 MB nicht<br \/>\n\u00fcberschreiten. Max. Dateiupload insgesamt 10 MB.<br \/>\nDu kannst folgenden Dateityp hochladen: pdf\n\t\t<\/p>\n\t<\/div>\n<\/div>\n<div class=\"file leben\">\n\t<p><span class=\"wpcf7-form-control-wrap\" data-name=\"upload-file-392\"><input size=\"40\" class=\"wpcf7-form-control wpcf7-drag-n-drop-file d-none\" aria-required=\"true\" aria-invalid=\"false\" type=\"file\" multiple=\"multiple\" data-name=\"upload-file-392\" data-type=\"pdf\" data-id=\"4030\" data-version=\"free version 1.3.9.5\" accept=\".pdf\" \/><\/span>\n\t<\/p>\n<\/div>\n<div class=\"vc_row\">\n\t<div class=\"vc_col-sm-12\">\n\t\t<p><span class=\"wpcf7-form-control-wrap\" data-name=\"acceptance-gdpr\"><span class=\"wpcf7-form-control wpcf7-acceptance\"><span class=\"wpcf7-list-item\"><input type=\"checkbox\" name=\"acceptance-gdpr\" value=\"1\" aria-invalid=\"false\" \/><\/span><\/span><\/span> Ich stimme den <a href=\"datenschutz\" target=\"blank\" style=\"color:#017955;font-weight:900;\">Datenschutzbestimmungen<\/a> zu *.\n\t\t<\/p>\n\t\t<p class=\"mandatory\"> * Pflichtfelder\n\t\t<\/p>\n\t<\/div>\n<\/div>\n<div class=\"vc_row \">\n\t<div class=\"vc_col-sm-12 send-button\">\n\t\t<p><p><span class=\"wpcf7-form-control-wrap\"><input type=\"hidden\" name=\"php_start_time\" value=\"1777721465.9563\" \/><input type=\"hidden\" name=\"js_end_time\" class=\"js_end_time\" value=\"\" \/><input type=\"hidden\" name=\"js_start_time\" class=\"js_start_time\" value=\"\" \/><input id=\"f12_captcha\" type=\"text\" style=\"visibility:hidden!important; opacity:1!important; height:0!important; width:0!important; margin:0!important; padding:0!important;\" name=\"f12_captcha\" value=\"\"\/><\/span><\/p><input class=\"wpcf7-form-control wpcf7-submit has-spinner\" type=\"submit\" value=\"BEWERBUNG ABSCHICKEN\" \/>\n\t\t<\/p>\n\t<\/div>\n<\/div><div class=\"wpcf7-response-output\" aria-hidden=\"true\"><\/div>\n<\/form>\n<\/div>\n[\/vc_column][\/vc_row]<\/p><\/div>","protected":false},"excerpt":{"rendered":"<p>[vc_row disable_element=&#8221;yes&#8221;][vc_column][\/vc_column][\/vc_row][vc_row gap=&#8221;35&#8243; disable_element=&#8221;yes&#8221; css=&#8221;.vc_custom_1636715827151{padding-right: 30px !important;}&#8221;][vc_column width=&#8221;1\/2&#8243; css=&#8221;.vc_custom_1597756374196{padding-top: 25px !important;}&#8221;][vc_custom_heading text=&#8221;DEIN AUFGABENGEBIET&#8221; use_theme_fonts=&#8221;yes&#8221;][vc_empty_space height=&#8221;35px&#8221;][vc_empty_space height=&#8221;35px&#8221;][vc_single_image image=&#8221;1839&#8243; img_size=&#8221;full&#8221;][vc_empty_space height=&#8221;70px&#8221;][vc_custom_heading text=&#8221;DEINE PERSPEKTIVEN&#8221; use_theme_fonts=&#8221;yes&#8221;][vc_empty_space height=&#8221;35px&#8221;][\/vc_column][vc_column width=&#8221;1\/2&#8243;][vc_single_image image=&#8221;4806&#8243; img_size=&#8221;800&#215;550&#8243;][vc_empty_space height=&#8221;60px&#8221;][vc_custom_heading text=&#8221;DAS BRINGST DU MIT&#8221; use_theme_fonts=&#8221;yes&#8221;][vc_empty_space height=&#8221;35px&#8221;][vc_empty_space height=&#8221;30px&#8221;][vc_single_image image=&#8221;1823&#8243; [&hellip;]<\/p>\n","protected":false},"author":15,"featured_media":1831,"menu_order":83,"template":"","format":"standard","meta":{"_acf_changed":false},"standorte":[106,104,105],"bereich":[107],"class_list":["post-6589","jobs","type-jobs","status-publish","format-standard","has-post-thumbnail","hentry","standorte-calau-en","standorte-radeburg-en","standorte-stimpfach-en","bereich-technisch-en"],"acf":[],"_links":{"self":[{"href":"https:\/\/www.schneider-fassaden.de\/en\/wp-json\/wp\/v2\/jobs\/6589","targetHints":{"allow":["GET"]}}],"collection":[{"href":"https:\/\/www.schneider-fassaden.de\/en\/wp-json\/wp\/v2\/jobs"}],"about":[{"href":"https:\/\/www.schneider-fassaden.de\/en\/wp-json\/wp\/v2\/types\/jobs"}],"author":[{"embeddable":true,"href":"https:\/\/www.schneider-fassaden.de\/en\/wp-json\/wp\/v2\/users\/15"}],"wp:featuredmedia":[{"embeddable":true,"href":"https:\/\/www.schneider-fassaden.de\/en\/wp-json\/wp\/v2\/media\/1831"}],"wp:attachment":[{"href":"https:\/\/www.schneider-fassaden.de\/en\/wp-json\/wp\/v2\/media?parent=6589"}],"wp:term":[{"taxonomy":"standorte","embeddable":true,"href":"https:\/\/www.schneider-fassaden.de\/en\/wp-json\/wp\/v2\/standorte?post=6589"},{"taxonomy":"bereich","embeddable":true,"href":"https:\/\/www.schneider-fassaden.de\/en\/wp-json\/wp\/v2\/bereich?post=6589"}],"curies":[{"name":"wp","href":"https:\/\/api.w.org\/{rel}","templated":true}]}}