{"id":9206,"date":"2022-03-23T13:04:21","date_gmt":"2022-03-23T13:04:21","guid":{"rendered":"https:\/\/www.schneider-fassaden.de\/jobs\/cad-designer-m-f-d-3\/"},"modified":"2022-03-23T13:05:21","modified_gmt":"2022-03-23T13:05:21","slug":"cad-designer-m-f-d-3","status":"publish","type":"jobs","link":"https:\/\/www.schneider-fassaden.de\/en\/jobs\/cad-designer-m-f-d-3\/","title":{"rendered":"CAD designer (m\/f\/d)"},"content":{"rendered":"<div class=\"wpb-content-wrapper\"><p>[vc_row disable_element=&#8221;yes&#8221;][vc_column]<div class=\"sgb_pdf_page_start\"><\/div>[\/vc_column][\/vc_row][vc_row gap=&#8221;35&#8243; disable_element=&#8221;yes&#8221; css=&#8221;.vc_custom_1648040693581{padding-right: 30px !important;}&#8221;][vc_column][vc_column_text]Die\u00a0<strong>Schneider Gruppe<\/strong>\u00a0ist ein\u00a0<strong>international t\u00e4tiges Familienunternehmen<\/strong>\u00a0mit Hauptsitz in Stimpfach. Gemeinsam mit unseren sieben Tochterfirmen setzen wir \u00fcberall in Europa Ma\u00dfst\u00e4be f\u00fcr architektonisch und bauphysikalisch anspruchsvolle Fassaden. Dies gelingt uns durch herausragende Ingenieursleistungen und technisch ausgereifte Probleml\u00f6sungen. In unseren Produktionsst\u00e4tten planen, fertigen und montieren wir auf 60.000 m\u00b2 individuelle Fenster- und Fassadenkonstruktionen im Objektgesch\u00e4ft.<\/p>\n<p>Unsere Mitarbeiter bewegen sich bei jeder neuen Herausforderung zwischen jahrzehntelanger Tradition und nachhaltigen Zukunftsl\u00f6sungen. Werte wie Verl\u00e4sslichkeit, Teamgeist und Respekt verbinden uns. Die Loyalit\u00e4t eines internationalen Familienunternehmens gibt uns Sicherheit. Flache Hierarchien bieten Chancen f\u00fcr alle und hohe Eigenverantwortung.[\/vc_column_text][\/vc_column][\/vc_row][vc_row gap=&#8221;35&#8243; disable_element=&#8221;yes&#8221; css=&#8221;.vc_custom_1648040697856{padding-right: 30px !important;}&#8221;][vc_column width=&#8221;1\/3&#8243;][vc_custom_heading text=&#8221;Your area of activity&#8221; use_theme_fonts=&#8221;yes&#8221;][vc_empty_space height=&#8221;35px&#8221;]<div class=\"uavc-list-icon uavc-list-icon-wrapper ult-adjust-bottom-margin   \"><ul class=\"uavc-list\"><li><div class=\"uavc-list-content\" id=\"list-icon-wrap-9776\">\n<div class=\"uavc-list-icon  \" data-animation=\"\" data-animation-delay=\"03\" style=\"margin-right:10px;\"><div class=\"ult-just-icon-wrapper  \"><div class=\"align-icon\" style=\"text-align:center;\">\n<div class=\"aio-icon none \"  style=\"color:#333333;font-size:10px;display:inline-block;\">\n\t<i class=\"Defaults-circle\"><\/i>\n<\/div><\/div><\/div>\n<\/div><span  data-ultimate-target='#list-icon-wrap-9776 .uavc-list-desc'  data-responsive-json-new='{\"font-size\":\"\",\"line-height\":\"\"}'  class=\"uavc-list-desc ult-responsive\" style=\"\">Sie erstellen die planerische und technische Ausarbeitung von Fenster- und Fassadenkonstruktionen f\u00fcr unsere Bauprojekte im In- und Ausland<\/span><\/div><\/li><li><div class=\"uavc-list-content\" id=\"list-icon-wrap-4829\">\n<div class=\"uavc-list-icon  \" data-animation=\"\" data-animation-delay=\"03\" style=\"margin-right:10px;\"><div class=\"ult-just-icon-wrapper  \"><div class=\"align-icon\" style=\"text-align:center;\">\n<div class=\"aio-icon none \"  style=\"color:#333333;font-size:10px;display:inline-block;\">\n\t<i class=\"Defaults-circle\"><\/i>\n<\/div><\/div><\/div>\n<\/div><span  data-ultimate-target='#list-icon-wrap-4829 .uavc-list-desc'  data-responsive-json-new='{\"font-size\":\"\",\"line-height\":\"\"}'  class=\"uavc-list-desc ult-responsive\" style=\"\">Arbeiten aktiv bei der Gestaltung technischer L\u00f6sungen, Umsetzung von Entwurfsskizzen und Vorgaben zu Ausf\u00fchrungsunterlagen mit<\/span><\/div><\/li><li><div class=\"uavc-list-content\" id=\"list-icon-wrap-2712\">\n<div class=\"uavc-list-icon  \" data-animation=\"\" data-animation-delay=\"03\" style=\"margin-right:10px;\"><div class=\"ult-just-icon-wrapper  \"><div class=\"align-icon\" style=\"text-align:center;\">\n<div class=\"aio-icon none \"  style=\"color:#333333;font-size:10px;display:inline-block;\">\n\t<i class=\"Defaults-circle\"><\/i>\n<\/div><\/div><\/div>\n<\/div><span  data-ultimate-target='#list-icon-wrap-2712 .uavc-list-desc'  data-responsive-json-new='{\"font-size\":\"\",\"line-height\":\"\"}'  class=\"uavc-list-desc ult-responsive\" style=\"\">Sind im st\u00e4ndigen Kontakt mit internen und externen Bauherren und Architekten, stimmen sich mit diesen ab und tauschen sich aus<\/span><\/div><\/li><li><div class=\"uavc-list-content\" id=\"list-icon-wrap-2615\">\n<div class=\"uavc-list-icon  \" data-animation=\"\" data-animation-delay=\"03\" style=\"margin-right:10px;\"><div class=\"ult-just-icon-wrapper  \"><div class=\"align-icon\" style=\"text-align:center;\">\n<div class=\"aio-icon none \"  style=\"color:#333333;font-size:10px;display:inline-block;\">\n\t<i class=\"Defaults-circle\"><\/i>\n<\/div><\/div><\/div>\n<\/div><span  data-ultimate-target='#list-icon-wrap-2615 .uavc-list-desc'  data-responsive-json-new='{\"font-size\":\"\",\"line-height\":\"\"}'  class=\"uavc-list-desc ult-responsive\" style=\"\">Zeichnen mit verschiedenen CAD und Grafikprogrammen<\/span><\/div><\/li><\/ul><\/div>[\/vc_column][vc_column width=&#8221;1\/3&#8243;][vc_custom_heading text=&#8221;Your profile&#8221; use_theme_fonts=&#8221;yes&#8221;][vc_empty_space height=&#8221;35px&#8221;]<div class=\"uavc-list-icon uavc-list-icon-wrapper ult-adjust-bottom-margin   \"><ul class=\"uavc-list\"><li><div class=\"uavc-list-content\" id=\"list-icon-wrap-5100\">\n<div class=\"uavc-list-icon  \" data-animation=\"\" data-animation-delay=\"03\" style=\"margin-right:10px;\"><div class=\"ult-just-icon-wrapper  \"><div class=\"align-icon\" style=\"text-align:center;\">\n<div class=\"aio-icon none \"  style=\"color:#333333;font-size:10px;display:inline-block;\">\n\t<i class=\"Defaults-circle\"><\/i>\n<\/div><\/div><\/div>\n<\/div><span  data-ultimate-target='#list-icon-wrap-5100 .uavc-list-desc'  data-responsive-json-new='{\"font-size\":\"\",\"line-height\":\"\"}'  class=\"uavc-list-desc ult-responsive\" style=\"\">Sie verf\u00fcgen \u00fcber eine abgeschlossene technische Ausbildung, z. B. als Bauzeichner oder entsprechende Weiterbildung im technischen Bereich<\/span><\/div><\/li><li><div class=\"uavc-list-content\" id=\"list-icon-wrap-2922\">\n<div class=\"uavc-list-icon  \" data-animation=\"\" data-animation-delay=\"03\" style=\"margin-right:10px;\"><div class=\"ult-just-icon-wrapper  \"><div class=\"align-icon\" style=\"text-align:center;\">\n<div class=\"aio-icon none \"  style=\"color:#333333;font-size:10px;display:inline-block;\">\n\t<i class=\"Defaults-circle\"><\/i>\n<\/div><\/div><\/div>\n<\/div><span  data-ultimate-target='#list-icon-wrap-2922 .uavc-list-desc'  data-responsive-json-new='{\"font-size\":\"\",\"line-height\":\"\"}'  class=\"uavc-list-desc ult-responsive\" style=\"\">Sicherer Umgang mit EDV-Programmen, idealerweise Kenntnisse in AutoCAD\/Rhinoceros oder vergleichbaren Softwareprogrammen f\u00fcr die Erstellung von Bauzeichnungen sind von Vorteil<\/span><\/div><\/li><li><div class=\"uavc-list-content\" id=\"list-icon-wrap-4950\">\n<div class=\"uavc-list-icon  \" data-animation=\"\" data-animation-delay=\"03\" style=\"margin-right:10px;\"><div class=\"ult-just-icon-wrapper  \"><div class=\"align-icon\" style=\"text-align:center;\">\n<div class=\"aio-icon none \"  style=\"color:#333333;font-size:10px;display:inline-block;\">\n\t<i class=\"Defaults-circle\"><\/i>\n<\/div><\/div><\/div>\n<\/div><span  data-ultimate-target='#list-icon-wrap-4950 .uavc-list-desc'  data-responsive-json-new='{\"font-size\":\"\",\"line-height\":\"\"}'  class=\"uavc-list-desc ult-responsive\" style=\"\">L\u00f6sungsorientierte, selbst\u00e4ndige und sorgf\u00e4ltige Arbeitsweise sowie eine Affinit\u00e4t zur Technik und Teamf\u00e4higkeit<\/span><\/div><\/li><li><div class=\"uavc-list-content\" id=\"list-icon-wrap-8039\">\n<div class=\"uavc-list-icon  \" data-animation=\"\" data-animation-delay=\"03\" style=\"margin-right:10px;\"><div class=\"ult-just-icon-wrapper  \"><div class=\"align-icon\" style=\"text-align:center;\">\n<div class=\"aio-icon none \"  style=\"color:#333333;font-size:10px;display:inline-block;\">\n\t<i class=\"Defaults-circle\"><\/i>\n<\/div><\/div><\/div>\n<\/div><span  data-ultimate-target='#list-icon-wrap-8039 .uavc-list-desc'  data-responsive-json-new='{\"font-size\":\"\",\"line-height\":\"\"}'  class=\"uavc-list-desc ult-responsive\" style=\"\">Ihr gutes r\u00e4umliches Vorstellungsverm\u00f6gen zeichnet Sie aus<\/span><\/div><\/li><\/ul><\/div>[\/vc_column][vc_column width=&#8221;1\/3&#8243;][vc_custom_heading text=&#8221;SIE ERWARTET&#8221; use_theme_fonts=&#8221;yes&#8221;][vc_empty_space height=&#8221;35px&#8221;]<div class=\"uavc-list-icon uavc-list-icon-wrapper ult-adjust-bottom-margin   \"><ul class=\"uavc-list\"><li><div class=\"uavc-list-content\" id=\"list-icon-wrap-5164\">\n<div class=\"uavc-list-icon  \" data-animation=\"\" data-animation-delay=\"03\" style=\"margin-right:10px;\"><div class=\"ult-just-icon-wrapper  \"><div class=\"align-icon\" style=\"text-align:center;\">\n<div class=\"aio-icon none \"  style=\"color:#333333;font-size:10px;display:inline-block;\">\n\t<i class=\"Defaults-circle\"><\/i>\n<\/div><\/div><\/div>\n<\/div><span  data-ultimate-target='#list-icon-wrap-5164 .uavc-list-desc'  data-responsive-json-new='{\"font-size\":\"\",\"line-height\":\"\"}'  class=\"uavc-list-desc ult-responsive\" style=\"\">Eine anspruchsvolle T\u00e4tigkeit mit eigenverantwortlichem Handeln<\/span><\/div><\/li><li><div class=\"uavc-list-content\" id=\"list-icon-wrap-7383\">\n<div class=\"uavc-list-icon  \" data-animation=\"\" data-animation-delay=\"03\" style=\"margin-right:10px;\"><div class=\"ult-just-icon-wrapper  \"><div class=\"align-icon\" style=\"text-align:center;\">\n<div class=\"aio-icon none \"  style=\"color:#333333;font-size:10px;display:inline-block;\">\n\t<i class=\"Defaults-circle\"><\/i>\n<\/div><\/div><\/div>\n<\/div><span  data-ultimate-target='#list-icon-wrap-7383 .uavc-list-desc'  data-responsive-json-new='{\"font-size\":\"\",\"line-height\":\"\"}'  class=\"uavc-list-desc ult-responsive\" style=\"\">Individuelle und flexibel anpassbare Arbeitszeiten<\/span><\/div><\/li><li><div class=\"uavc-list-content\" id=\"list-icon-wrap-3118\">\n<div class=\"uavc-list-icon  \" data-animation=\"\" data-animation-delay=\"03\" style=\"margin-right:10px;\"><div class=\"ult-just-icon-wrapper  \"><div class=\"align-icon\" style=\"text-align:center;\">\n<div class=\"aio-icon none \"  style=\"color:#333333;font-size:10px;display:inline-block;\">\n\t<i class=\"Defaults-circle\"><\/i>\n<\/div><\/div><\/div>\n<\/div><span  data-ultimate-target='#list-icon-wrap-3118 .uavc-list-desc'  data-responsive-json-new='{\"font-size\":\"\",\"line-height\":\"\"}'  class=\"uavc-list-desc ult-responsive\" style=\"\">Sicherer und moderner Arbeitsplatz in einem zukunftsorientierten<br \/>\nUnternehmen<\/span><\/div><\/li><li><div class=\"uavc-list-content\" id=\"list-icon-wrap-6398\">\n<div class=\"uavc-list-icon  \" data-animation=\"\" data-animation-delay=\"03\" style=\"margin-right:10px;\"><div class=\"ult-just-icon-wrapper  \"><div class=\"align-icon\" style=\"text-align:center;\">\n<div class=\"aio-icon none \"  style=\"color:#333333;font-size:10px;display:inline-block;\">\n\t<i class=\"Defaults-circle\"><\/i>\n<\/div><\/div><\/div>\n<\/div><span  data-ultimate-target='#list-icon-wrap-6398 .uavc-list-desc'  data-responsive-json-new='{\"font-size\":\"\",\"line-height\":\"\"}'  class=\"uavc-list-desc ult-responsive\" style=\"\">Flache Hierarchieebenen mit schnellen Entscheidungswegen<\/span><\/div><\/li><li><div class=\"uavc-list-content\" id=\"list-icon-wrap-4892\">\n<div class=\"uavc-list-icon  \" data-animation=\"\" data-animation-delay=\"03\" style=\"margin-right:10px;\"><div class=\"ult-just-icon-wrapper  \"><div class=\"align-icon\" style=\"text-align:center;\">\n<div class=\"aio-icon none \"  style=\"color:#333333;font-size:10px;display:inline-block;\">\n\t<i class=\"Defaults-circle\"><\/i>\n<\/div><\/div><\/div>\n<\/div><span  data-ultimate-target='#list-icon-wrap-4892 .uavc-list-desc'  data-responsive-json-new='{\"font-size\":\"\",\"line-height\":\"\"}'  class=\"uavc-list-desc ult-responsive\" style=\"\">Leistungsgerechte Verg\u00fctung mit Chancen f\u00fcr berufliche Weiterentwicklung<\/span><\/div><\/li><li><div class=\"uavc-list-content\" id=\"list-icon-wrap-3365\">\n<div class=\"uavc-list-icon  \" data-animation=\"\" data-animation-delay=\"03\" style=\"margin-right:10px;\"><div class=\"ult-just-icon-wrapper  \"><div class=\"align-icon\" style=\"text-align:center;\">\n<div class=\"aio-icon none \"  style=\"color:#333333;font-size:10px;display:inline-block;\">\n\t<i class=\"Defaults-circle\"><\/i>\n<\/div><\/div><\/div>\n<\/div><span  data-ultimate-target='#list-icon-wrap-3365 .uavc-list-desc'  data-responsive-json-new='{\"font-size\":\"\",\"line-height\":\"\"}'  class=\"uavc-list-desc ult-responsive\" style=\"\">Gestaltungsm\u00f6glichkeiten in architektonisch anspruchsvollen Projekten<\/span><\/div><\/li><\/ul><\/div>[\/vc_column][\/vc_row][vc_row gap=&#8221;35&#8243; css=&#8221;.vc_custom_1622031978754{padding-right: 30px !important;}&#8221;][vc_column][vc_empty_space height=&#8221;60&#8243;][vc_custom_heading text=&#8221;Please note: This job offer is currently only available in German language.&#8221; use_theme_fonts=&#8221;yes&#8221;][\/vc_column][\/vc_row][vc_row gap=&#8221;30&#8243; equal_height=&#8221;yes&#8221; css=&#8221;.vc_custom_1617005983274{padding-right: 15px !important;}&#8221;][vc_column width=&#8221;1\/4&#8243;][vc_single_image image=&#8221;1175&#8243; img_size=&#8221;500&#215;500&#8243;][\/vc_column][vc_column width=&#8221;1\/4&#8243;][vc_single_image image=&#8221;4847&#8243; img_size=&#8221;500&#215;500&#8243;][\/vc_column][vc_column width=&#8221;1\/4&#8243;][vc_single_image image=&#8221;4843&#8243; img_size=&#8221;500&#215;500&#8243;][\/vc_column][vc_column width=&#8221;1\/4&#8243;][vc_single_image image=&#8221;1657&#8243; img_size=&#8221;500&#215;500&#8243;][\/vc_column][\/vc_row][vc_row el_class=&#8221;form-btn&#8221; css=&#8221;.vc_custom_1597512466908{margin-left: 0px !important;}&#8221;][vc_column css=&#8221;.vc_custom_1597512458945{padding-top: 30px !important;background-color: #f6f6f6 !important;}&#8221;]<div class=\" ubtn-ctn-center \"><a class=\"ubtn-link ult-adjust-bottom-margin ubtn-center ubtn-large \" href=\"\/en\/jobs\/unsolicited-application\/\" ><button type=\"button\" id=\"ubtn-7677\"  class=\"ubtn ult-adjust-bottom-margin ult-responsive ubtn-large ubtn-no-hover-bg  none  ubtn-center   tooltip-69f5c47bce046\"  data-hover=\"\" data-border-color=\"\" data-bg=\"#f6f6f6\" data-hover-bg=\"\" data-border-hover=\"\" data-shadow-hover=\"\" data-shadow-click=\"none\" data-shadow=\"\" data-shd-shadow=\"\"  data-ultimate-target='#ubtn-7677'  data-responsive-json-new='{\"font-size\":\"desktop:40px;\",\"line-height\":\"\"}'  style=\"font-weight:bold;border:none;background: #f6f6f6;color: #017955;\"><span class=\"ubtn-hover\" style=\"background-color:\"><\/span><span class=\"ubtn-data ubtn-text \" >Didn&#039;t find anything suitable? - You can send us your unsolicited application HERE!<\/span><\/button><\/a><\/div>[\/vc_column][\/vc_row][vc_row disable_element=&#8221;yes&#8221;][vc_column]<div class=\"sgb_pdf_wrapper\"><a target=\"_blank\" rel=\"noindex,nofollow\" data-post_url=\"https:\/\/www.schneider-fassaden.de\/en\/jobs\/cad-designer-m-f-d-3\/?generate_pdf=true\" data-post_id=\"9206\" title=\"Download PDF\" data-pdf_cache=\"\" data-pdf_class=\"\" data-pdf_id=\"\" class=\"sgb_pgawvc_pdf_button\" data-pdf_mode=\"1\"><img loading=\"lazy\" decoding=\"async\" alt=\"Download PDF\" src=\"https:\/\/www.schneider-fassaden.de\/wp-content\/uploads\/2020\/04\/Icon_arrowdown_grey-e1587814516580.png\" width=\"40\" height=\"60\"><\/a><\/div>[\/vc_column][\/vc_row][vc_row gap=&#8221;35&#8243; disable_element=&#8221;yes&#8221; css=&#8221;.vc_custom_1620812053842{padding-right: 30px !important;background-color: #017955 !important;}&#8221;][vc_column css=&#8221;.vc_custom_1585496943819{margin-bottom: -20px !important;padding-top: 15px !important;}&#8221;][vc_column_text el_class=&#8221;white-text&#8221;][\/vc_column_text][\/vc_column][\/vc_row][vc_row gap=&#8221;35&#8243; content_placement=&#8221;middle&#8221; disable_element=&#8221;yes&#8221; css=&#8221;.vc_custom_1648040704600{padding-right: 30px !important;background-color: #017955 !important;}&#8221; el_class=&#8221;pdf_display_none&#8221;][vc_column css=&#8221;.vc_custom_1585496943819{margin-bottom: -20px !important;padding-top: 15px !important;}&#8221;]<div class=\"sgb_pdf_wrapper\"><a target=\"_blank\" rel=\"noindex,nofollow\" data-post_url=\"https:\/\/www.schneider-fassaden.de\/en\/jobs\/cad-designer-m-f-d-3\/?generate_pdf=true\" data-post_id=\"9206\" title=\"Download PDF\" data-pdf_cache=\"\" data-pdf_class=\"\" data-pdf_id=\"\" class=\"sgb_pgawvc_pdf_button\" data-pdf_mode=\"1\"><img loading=\"lazy\" decoding=\"async\" alt=\"Download PDF\" src=\"https:\/\/www.schneider-fassaden.de\/wp-content\/uploads\/2020\/08\/download_icon.png\" width=\"200\" height=\"40\"><\/a><\/div>[\/vc_column][\/vc_row][vc_row gap=&#8221;35&#8243; disable_element=&#8221;yes&#8221; el_id=&#8221;contactform&#8221; css=&#8221;.vc_custom_1639471470401{padding-right: 15px !important;}&#8221;][vc_column width=&#8221;1\/2&#8243;][vc_custom_heading text=&#8221;APPLICATION FORM&#8221; use_theme_fonts=&#8221;yes&#8221;][vc_column_text]<\/p>\n<p style=\"text-align: justify;\">Bitte beachten Sie bei der Eingabe Ihrer Daten auch unsere <strong><a href=\"https:\/\/www.schneider-fassaden.de\/en\/privacy-policy\/\" target=\"_blank\" rel=\"noopener noreferrer\">Datenschutzhinweise<\/a><\/strong>. Bei R\u00fcckfragen k\u00f6nnen Sie uns gerne telefonisch kontaktieren. Wir freuen uns auf Ihre Bewerbung. Ihre Unterlagen k\u00f6nnen Sie uns schriftlich \u00fcber das Bewerbungsformular, per E-Mail oder Post zukommen lassen:<\/p>\n<p>[\/vc_column_text][vc_custom_heading text=&#8221;Your contact person&#8221; font_container=&#8221;tag:h5|text_align:left&#8221; use_theme_fonts=&#8221;yes&#8221;][vc_basic_grid post_type=&#8221;ansprechpartner&#8221; max_items=&#8221;-1&#8243; show_filter=&#8221;yes&#8221; element_width=&#8221;12&#8243; gap=&#8221;0&#8243; filter_style=&#8221;bordered&#8221; item=&#8221;713&#8243; grid_id=&#8221;vc_gid:1648040676894-5d15c389-6669-9&#8243; filter_source=&#8221;standorte&#8221; taxonomies=&#8221;37&#8243;][\/vc_column][vc_column width=&#8221;1\/2&#8243; el_class=&#8221;kontakt&#8221;]\n<div class=\"wpcf7 no-js\" id=\"wpcf7-f267-o1\" lang=\"de-DE\" dir=\"ltr\" data-wpcf7-id=\"267\">\n<div class=\"screen-reader-response\"><p role=\"status\" aria-live=\"polite\" aria-atomic=\"true\"><\/p> <ul><\/ul><\/div>\n<form action=\"\/en\/wp-json\/wp\/v2\/jobs\/9206#wpcf7-f267-o1\" method=\"post\" class=\"wpcf7-form init\" aria-label=\"Kontaktformular\" novalidate=\"novalidate\" data-status=\"init\">\n<fieldset class=\"hidden-fields-container\"><input type=\"hidden\" name=\"_wpcf7\" value=\"267\" \/><input type=\"hidden\" name=\"_wpcf7_version\" value=\"6.1.4\" \/><input type=\"hidden\" name=\"_wpcf7_locale\" value=\"de_DE\" \/><input type=\"hidden\" name=\"_wpcf7_unit_tag\" value=\"wpcf7-f267-o1\" \/><input type=\"hidden\" name=\"_wpcf7_container_post\" value=\"0\" \/><input type=\"hidden\" name=\"_wpcf7_posted_data_hash\" value=\"\" \/><input type=\"hidden\" name=\"_wpcf7dtx_version\" value=\"5.0.4\" \/>\n<\/fieldset>\n<p><span class=\"wpcf7-form-control-wrap dynamicname\" data-name=\"dynamicname\"><input type=\"text\" name=\"dynamicname\" class=\"wpcf7-form-control wpcf7-text wpcf7dtx wpcf7dtx-text\" aria-invalid=\"false\" readonly=\"readonly\" value=\"CAD designer (m\/f\/d)\"><\/span>\n<\/p>\n<div class=\"vc_row\">\n\t<div class=\"vc_col-sm-12\">\n\t\t<p><span class=\"wpcf7-form-control-wrap\" data-name=\"location\"><select class=\"wpcf7-form-control wpcf7-select wpcf7-validates-as-required\" aria-required=\"true\" aria-invalid=\"false\" name=\"location\"><option value=\"Calau &lt;bewerbung@rapid-calau.de&gt;\">Calau<\/option><option >Luxemburg<\/option><option value=\"Radeburg &lt;bewerbung@rf-fassaden.de&gt;\">Radeburg<\/option><option value=\"Stimpfach&lt;bewerbung@schneider-fassaden.de&gt;\">Stimpfach<\/option><\/select><\/span>\n\t\t<\/p>\n\t\t<p><span class=\"wpcf7-form-control-wrap\" data-name=\"anrede\"><select class=\"wpcf7-form-control wpcf7-select wpcf7-validates-as-required\" aria-required=\"true\" aria-invalid=\"false\" name=\"anrede\"><option value=\"\">Neutrale Anrede<\/option><option value=\"Herr\">Herr<\/option><option value=\"Frau\">Frau<\/option><\/select><\/span>\n\t\t<\/p>\n\t\t<p><span class=\"wpcf7-form-control-wrap\" data-name=\"vor-name\"><input size=\"40\" maxlength=\"400\" class=\"wpcf7-form-control wpcf7-text wpcf7-validates-as-required\" aria-required=\"true\" aria-invalid=\"false\" placeholder=\"Vorname *\" value=\"\" type=\"text\" name=\"vor-name\" \/><\/span>\n\t\t<\/p>\n\t\t<p><span class=\"wpcf7-form-control-wrap\" data-name=\"nach-name\"><input size=\"40\" maxlength=\"400\" class=\"wpcf7-form-control wpcf7-text wpcf7-validates-as-required\" aria-required=\"true\" aria-invalid=\"false\" placeholder=\"Nachname *\" value=\"\" type=\"text\" name=\"nach-name\" \/><\/span>\n\t\t<\/p>\n\t\t<p><span class=\"wpcf7-form-control-wrap\" data-name=\"str\"><input size=\"40\" maxlength=\"400\" class=\"wpcf7-form-control wpcf7-text wpcf7-validates-as-required\" aria-required=\"true\" aria-invalid=\"false\" placeholder=\"Stra\u00dfe *\" value=\"\" type=\"text\" name=\"str\" \/><\/span>\n\t\t<\/p>\n\t\t<p><span class=\"wpcf7-form-control-wrap\" data-name=\"hnr\"><input size=\"40\" maxlength=\"400\" class=\"wpcf7-form-control wpcf7-text wpcf7-validates-as-required\" aria-required=\"true\" aria-invalid=\"false\" placeholder=\"Hausnummer *\" value=\"\" type=\"text\" name=\"hnr\" \/><\/span>\n\t\t<\/p>\n\t\t<p><span class=\"wpcf7-form-control-wrap\" data-name=\"plz\"><input size=\"40\" maxlength=\"400\" class=\"wpcf7-form-control wpcf7-text wpcf7-validates-as-required\" aria-required=\"true\" aria-invalid=\"false\" placeholder=\"PLZ *\" value=\"\" type=\"text\" name=\"plz\" \/><\/span>\n\t\t<\/p>\n\t\t<p><span class=\"wpcf7-form-control-wrap\" data-name=\"ort\"><input size=\"40\" maxlength=\"400\" class=\"wpcf7-form-control wpcf7-text wpcf7-validates-as-required\" aria-required=\"true\" aria-invalid=\"false\" placeholder=\"Ort *\" value=\"\" type=\"text\" name=\"ort\" \/><\/span>\n\t\t<\/p>\n\t\t<p><span class=\"wpcf7-form-control-wrap\" data-name=\"land\"><input size=\"40\" maxlength=\"400\" class=\"wpcf7-form-control wpcf7-text\" aria-invalid=\"false\" placeholder=\"Land\" value=\"\" type=\"text\" name=\"land\" \/><\/span>\n\t\t<\/p>\n\t\t<p><span class=\"wpcf7-form-control-wrap\" data-name=\"gebdatum\"><input size=\"40\" maxlength=\"400\" class=\"wpcf7-form-control wpcf7-text\" aria-invalid=\"false\" placeholder=\"Geburtsdatum\" value=\"\" type=\"text\" name=\"gebdatum\" \/><\/span>\n\t\t<\/p>\n\t\t<p><span class=\"wpcf7-form-control-wrap\" data-name=\"gebort\"><input size=\"40\" maxlength=\"400\" class=\"wpcf7-form-control wpcf7-text\" aria-invalid=\"false\" placeholder=\"Geburtsort\" value=\"\" type=\"text\" name=\"gebort\" \/><\/span>\n\t\t<\/p>\n\t\t<p><span class=\"wpcf7-form-control-wrap\" data-name=\"tel\"><input size=\"40\" maxlength=\"400\" class=\"wpcf7-form-control wpcf7-text\" aria-invalid=\"false\" placeholder=\"Telefon\" value=\"\" type=\"text\" name=\"tel\" \/><\/span>\n\t\t<\/p>\n\t\t<p><span class=\"wpcf7-form-control-wrap\" data-name=\"your-email\"><input size=\"40\" maxlength=\"400\" class=\"wpcf7-form-control wpcf7-email wpcf7-validates-as-required wpcf7-text wpcf7-validates-as-email\" aria-required=\"true\" aria-invalid=\"false\" placeholder=\"E-Mail *\" value=\"\" type=\"email\" name=\"your-email\" \/><\/span>\n\t\t<\/p>\n\t\t<p><span class=\"wpcf7-form-control-wrap\" data-name=\"kuendigung\"><input size=\"40\" maxlength=\"400\" class=\"wpcf7-form-control wpcf7-text wpcf7-validates-as-required\" aria-required=\"true\" aria-invalid=\"false\" placeholder=\"K\u00fcndigungsfrist *\" value=\"\" type=\"text\" name=\"kuendigung\" \/><\/span>\n\t\t<\/p>\n\t\t<p><span class=\"wpcf7-form-control-wrap\" data-name=\"gehalt\"><input size=\"40\" maxlength=\"400\" class=\"wpcf7-form-control wpcf7-text wpcf7-validates-as-required\" aria-required=\"true\" aria-invalid=\"false\" placeholder=\"Gehaltsvorstellung *\" value=\"\" type=\"text\" name=\"gehalt\" \/><\/span>\n\t\t<\/p>\n\t\t<p style=\"padding-left:15px;padding-top:10px;\">Wie sind Sie auf das Jobangebot aufmerksam geworden?\n\t\t<\/p>\n\t\t<p><span class=\"wpcf7-form-control-wrap\" data-name=\"aufmerksam\"><select class=\"wpcf7-form-control wpcf7-select wpcf7-validates-as-required\" aria-required=\"true\" aria-invalid=\"false\" name=\"aufmerksam\"><option value=\"Bitte ausw\u00e4hlen\">Bitte ausw\u00e4hlen<\/option><option value=\"Homepage\">Homepage<\/option><option value=\"Familie, Freunde, Bekannte\">Familie, Freunde, Bekannte<\/option><option value=\"Zeitungsanzeige\">Zeitungsanzeige<\/option><option value=\"Plakatwerbung\">Plakatwerbung<\/option><option value=\"Messe\">Messe<\/option><option value=\"Facebook\">Facebook<\/option><option value=\"Instagram\">Instagram<\/option><option value=\"Xing\">Xing<\/option><option value=\"LinkedIn\">LinkedIn<\/option><option value=\"Indeed\">Indeed<\/option><option value=\"Agentur f\u00fcr Arbeit (Jobb\u00f6rse)\">Agentur f\u00fcr Arbeit (Jobb\u00f6rse)<\/option><option value=\"Ebay Kleinanzeigen\">Ebay Kleinanzeigen<\/option><option value=\"Sonstiges\">Sonstiges<\/option><\/select><\/span>\n\t\t<\/p>\n\t\t<p style=\"padding-left:15px;padding-bottom:20px;padding-top:10px;\"><br \/>\nDie Dateigr\u00f6\u00dfe je angeh\u00e4ngtes Dokument sollte 4 MB nicht<br \/>\n\u00fcberschreiten. Max. Dateiupload insgesamt 10 MB.<br \/>\nSie k\u00f6nnen folgenden Dateityp hochladen: pdf\n\t\t<\/p>\n\t<\/div>\n<\/div>\n<div class=\"file leben\">\n\t<p><span class=\"wpcf7-form-control-wrap\" data-name=\"upload-file-392\"><input size=\"40\" class=\"wpcf7-form-control wpcf7-drag-n-drop-file d-none\" aria-required=\"true\" aria-invalid=\"false\" type=\"file\" multiple=\"multiple\" data-name=\"upload-file-392\" data-type=\"pdf\" data-id=\"267\" data-version=\"free version 1.3.9.5\" accept=\".pdf\" \/><\/span>\n\t<\/p>\n<\/div>\n<div class=\"vc_row\">\n\t<div class=\"vc_col-sm-12\">\n\t\t<p><span class=\"wpcf7-form-control-wrap\" data-name=\"acceptance-gdpr\"><span class=\"wpcf7-form-control wpcf7-acceptance\"><span class=\"wpcf7-list-item\"><input type=\"checkbox\" name=\"acceptance-gdpr\" value=\"1\" aria-invalid=\"false\" \/><\/span><\/span><\/span> Ich stimme den <a href=\"datenschutz\" target=\"blank\" style=\"color:#017955;font-weight:900;\">Datenschutzbestimmungen<\/a> zu *.\n\t\t<\/p>\n\t\t<p class=\"mandatory\"> * Pflichtfelder\n\t\t<\/p>\n\t<\/div>\n<\/div>\n<div class=\"vc_row \">\n\t<div class=\"vc_col-sm-12 send-button\">\n\t\t<p><p><span class=\"wpcf7-form-control-wrap\"><input type=\"hidden\" name=\"php_start_time\" value=\"1777714299.6033\" \/><input type=\"hidden\" name=\"js_end_time\" class=\"js_end_time\" value=\"\" \/><input type=\"hidden\" name=\"js_start_time\" class=\"js_start_time\" value=\"\" \/><input id=\"f12_captcha\" type=\"text\" style=\"visibility:hidden!important; opacity:1!important; height:0!important; width:0!important; margin:0!important; padding:0!important;\" name=\"f12_captcha\" value=\"\"\/><\/span><\/p><input class=\"wpcf7-form-control wpcf7-submit has-spinner\" type=\"submit\" value=\"BEWERBUNG ABSCHICKEN\" \/>\n\t\t<\/p>\n\t<\/div>\n<\/div><div class=\"wpcf7-response-output\" aria-hidden=\"true\"><\/div>\n<\/form>\n<\/div>\n[\/vc_column][\/vc_row][vc_row disable_element=&#8221;yes&#8221;][vc_column][vc_column_text]Bitte beachten Sie bei der Eingabe Ihrer Daten auch unsere <a href=\"https:\/\/www.schneider-fassaden.de\/en\/privacy-policy\/\" target=\"_blank\" rel=\"noopener noreferrer\"><strong>Datenschutzhinweise<\/strong><\/a>. Bei R\u00fcckfragen k\u00f6nnen Sie uns gerne telefonisch kontaktieren. Wir freuen uns auf Ihre Bewerbung. Ihre Unterlagen k\u00f6nnen Sie uns schriftlich per E-Mail oder Post zukommen lassen:[\/vc_column_text][vc_row_inner][vc_column_inner width=&#8221;1\/4&#8243;][vc_column_text]<\/p>\n<h5>Ihr Ansprechpartner:<\/h5>\n<p>[\/vc_column_text][vc_single_image image=&#8221;3148&#8243; img_size=&#8221;400&#215;400&#8243;][\/vc_column_inner][vc_column_inner width=&#8221;1\/3&#8243;][vc_empty_space height=&#8221;100px&#8221;][vc_column_text]<\/p>\n<h4>Susanne Meiser<\/h4>\n<p><strong><span class=\"vc_gitem-acf-label\">Telefon:<\/span><\/strong>\u00a007967 151-243[\/vc_column_text][\/vc_column_inner][vc_column_inner width=&#8221;2\/5&#8243;][\/vc_column_inner][\/vc_row_inner][vc_empty_space height=&#8221;30&#8243;][vc_row_inner][vc_column_inner][vc_column_text]<\/p>\n<h5>Standorte:<\/h5>\n<p>[\/vc_column_text][\/vc_column_inner][\/vc_row_inner][vc_row_inner][vc_column_inner width=&#8221;1\/4&#8243;][vc_single_image image=&#8221;3573&#8243; img_size=&#8221;400&#215;400&#8243;][\/vc_column_inner][vc_column_inner width=&#8221;1\/3&#8243;][vc_column_text]<strong>Gebr\u00fcder Schneider<br \/>\nFensterfabrik GmbH &amp; Co. KG<\/strong><br \/>\nRechenberger Stra\u00dfe 7-9<br \/>\n74597 Stimpfach<\/p>\n<p><strong><span class=\"vc_gitem-acf-label\">E-Mail:<\/span><\/strong>\u00a0<span class=\"\">bewerbung@schneider-fassaden.de<\/span>[\/vc_column_text][\/vc_column_inner][vc_column_inner width=&#8221;2\/5&#8243;][vc_empty_space height=&#8221;50px&#8221;][vc_cta h2=&#8221;&#8221; txt_align=&#8221;center&#8221; style=&#8221;custom&#8221; custom_background=&#8221;#017955&#8243; custom_text=&#8221;#ffffff&#8221;]<\/p>\n<h2 style=\"text-align: left;\"><span style=\"color: #ffffff;\"><a style=\"color: #ffffff;\" href=\"mailto:bewerbung&amp;#x40;schneider-fassaden.de\">Jetzt am Standort <strong>STIMPFACH<\/strong> bewerben<\/a><\/span><\/h2>\n<p>[\/vc_cta][\/vc_column_inner][\/vc_row_inner][vc_row_inner][vc_column_inner width=&#8221;1\/4&#8243;][vc_single_image image=&#8221;2380&#8243; img_size=&#8221;400&#215;400&#8243;][\/vc_column_inner][vc_column_inner width=&#8221;1\/3&#8243;][vc_column_text]<strong>Radeburger Fensterbau GmbH<br \/>\n<\/strong>Weinb\u00f6hlaer Strasse 5<br \/>\n01471 Radeburg OT B\u00e4rwalde<\/p>\n<p><strong><span class=\"vc_gitem-acf-label\">E-Mail:<\/span><\/strong>\u00a0<span class=\"\">bewerbung@rf-fassaden.de<\/span>[\/vc_column_text][\/vc_column_inner][vc_column_inner width=&#8221;2\/5&#8243;][vc_empty_space height=&#8221;50px&#8221;][vc_cta h2=&#8221;&#8221; txt_align=&#8221;center&#8221; style=&#8221;custom&#8221; custom_background=&#8221;#017955&#8243; custom_text=&#8221;#ffffff&#8221;]<\/p>\n<h2 style=\"text-align: left;\"><span style=\"color: #ffffff;\"><a style=\"color: #ffffff;\" href=\"mailto:bewerbung&amp;#x40;rf-fassaden.de\">Jetzt am Standort <strong>RADEBURG<\/strong> bewerben<\/a><\/span><\/h2>\n<p>[\/vc_cta][\/vc_column_inner][\/vc_row_inner][vc_row_inner][vc_column_inner width=&#8221;1\/4&#8243;][vc_single_image image=&#8221;3516&#8243; img_size=&#8221;400&#215;400&#8243;][\/vc_column_inner][vc_column_inner width=&#8221;1\/3&#8243;][vc_column_text]<strong>Rapid GmbH<br \/>\n<\/strong>\u2013 Maschinenbau und Automatisierung<br \/>\nGewerbepark Nord 7<br \/>\n03205 Calau<\/p>\n<p><strong><span class=\"vc_gitem-acf-label\">E-Mail:<\/span><\/strong>\u00a0<span class=\"\">bewerbung@rapid-calau.de<\/span>[\/vc_column_text][\/vc_column_inner][vc_column_inner width=&#8221;2\/5&#8243;][vc_empty_space height=&#8221;50px&#8221;][vc_cta h2=&#8221;&#8221; txt_align=&#8221;center&#8221; style=&#8221;custom&#8221; custom_background=&#8221;#017955&#8243; custom_text=&#8221;#ffffff&#8221;]<\/p>\n<h2 style=\"text-align: left;\"><span style=\"color: #ffffff;\"><a style=\"color: #ffffff;\" href=\"mailto:bewerbung&amp;#x40;rapid-calau.de\">Jetzt am Standort <strong>CALAU<\/strong> bewerben<\/a><\/span><\/h2>\n<p>[\/vc_cta][\/vc_column_inner][\/vc_row_inner][\/vc_column][\/vc_row]<\/p><\/div>","protected":false},"excerpt":{"rendered":"<p>[vc_row disable_element=&#8221;yes&#8221;][vc_column][\/vc_column][\/vc_row][vc_row gap=&#8221;35&#8243; disable_element=&#8221;yes&#8221; css=&#8221;.vc_custom_1648040693581{padding-right: 30px !important;}&#8221;][vc_column][vc_column_text]Die\u00a0Schneider Gruppe\u00a0ist ein\u00a0international t\u00e4tiges Familienunternehmen\u00a0mit Hauptsitz in Stimpfach. Gemeinsam mit unseren sieben Tochterfirmen setzen wir \u00fcberall in Europa Ma\u00dfst\u00e4be f\u00fcr architektonisch und bauphysikalisch anspruchsvolle Fassaden. Dies gelingt uns durch [&hellip;]<\/p>\n","protected":false},"author":15,"featured_media":6607,"menu_order":0,"template":"","format":"standard","meta":{"_acf_changed":false},"standorte":[106,104,105],"bereich":[107],"class_list":["post-9206","jobs","type-jobs","status-publish","format-standard","has-post-thumbnail","hentry","standorte-calau-en","standorte-radeburg-en","standorte-stimpfach-en","bereich-technisch-en"],"acf":[],"_links":{"self":[{"href":"https:\/\/www.schneider-fassaden.de\/en\/wp-json\/wp\/v2\/jobs\/9206","targetHints":{"allow":["GET"]}}],"collection":[{"href":"https:\/\/www.schneider-fassaden.de\/en\/wp-json\/wp\/v2\/jobs"}],"about":[{"href":"https:\/\/www.schneider-fassaden.de\/en\/wp-json\/wp\/v2\/types\/jobs"}],"author":[{"embeddable":true,"href":"https:\/\/www.schneider-fassaden.de\/en\/wp-json\/wp\/v2\/users\/15"}],"wp:featuredmedia":[{"embeddable":true,"href":"https:\/\/www.schneider-fassaden.de\/en\/wp-json\/wp\/v2\/media\/6607"}],"wp:attachment":[{"href":"https:\/\/www.schneider-fassaden.de\/en\/wp-json\/wp\/v2\/media?parent=9206"}],"wp:term":[{"taxonomy":"standorte","embeddable":true,"href":"https:\/\/www.schneider-fassaden.de\/en\/wp-json\/wp\/v2\/standorte?post=9206"},{"taxonomy":"bereich","embeddable":true,"href":"https:\/\/www.schneider-fassaden.de\/en\/wp-json\/wp\/v2\/bereich?post=9206"}],"curies":[{"name":"wp","href":"https:\/\/api.w.org\/{rel}","templated":true}]}}