{"id":9572,"date":"2022-09-15T05:14:20","date_gmt":"2022-09-15T05:14:20","guid":{"rendered":"https:\/\/www.schneider-fassaden.de\/jobs\/cad-designer-m-f-d-full-time\/"},"modified":"2022-09-15T05:18:07","modified_gmt":"2022-09-15T05:18:07","slug":"cad-designer-m-f-d-full-time","status":"publish","type":"jobs","link":"https:\/\/www.schneider-fassaden.de\/en\/jobs\/cad-designer-m-f-d-full-time\/","title":{"rendered":"CAD Designer (m\/f\/d) full time"},"content":{"rendered":"<div class=\"wpb-content-wrapper\"><p>[vc_row disable_element=&#8221;yes&#8221;][vc_column]<div class=\"sgb_pdf_page_start\"><\/div>[\/vc_column][\/vc_row][vc_row gap=&#8221;35&#8243; disable_element=&#8221;yes&#8221; css=&#8221;.vc_custom_1663218934198{padding-right: 30px !important;}&#8221;][vc_column][vc_column_text]<strong>Rapid Calau\u00a0<\/strong>ist innerhalb der <strong>Schneider Gruppe<\/strong> der Spezialist f\u00fcr automatisierte Fassadenbauteile und Komponenten und hat aufgrund der geografischen N\u00e4he einen besonderen Schwerpunkt auf den Gro\u00dfraum Berlin, f\u00fcr welchen es unser Service- und Wartungszentrum ist. Wir fertigen und montieren bundesweit hochwertige Metall-Glas-Fassaden und freuen uns, wenn Sie mit uns Ihren Einsatz und Ihre F\u00e4higkeiten weiter voranbringen.<\/p>\n<p>Unsere Mitarbeiter bewegen sich bei jeder neuen Herausforderung zwischen jahrzehntelanger Tradition und nachhaltigen Zukunftsl\u00f6sungen. Werte wie Zuverl\u00e4ssigkeit, Teamgeist und Respekt verbinden uns. Die Loyalit\u00e4t eines internationalen Familienunternehmens gibt uns Sicherheit. Flache Hierarchien bieten Chancen f\u00fcr alle und hohe Eigenverantwortung.[\/vc_column_text][\/vc_column][\/vc_row][vc_row gap=&#8221;35&#8243; disable_element=&#8221;yes&#8221; css=&#8221;.vc_custom_1663218959981{padding-right: 30px !important;}&#8221;][vc_column width=&#8221;1\/3&#8243;][vc_custom_heading text=&#8221;Your area of activity&#8221; use_theme_fonts=&#8221;yes&#8221;][vc_empty_space height=&#8221;35px&#8221;]<div class=\"uavc-list-icon uavc-list-icon-wrapper ult-adjust-bottom-margin   \"><ul class=\"uavc-list\"><li><div class=\"uavc-list-content\" id=\"list-icon-wrap-7290\">\n<div class=\"uavc-list-icon  \" data-animation=\"\" data-animation-delay=\"03\" style=\"margin-right:10px;\"><div class=\"ult-just-icon-wrapper  \"><div class=\"align-icon\" style=\"text-align:center;\">\n<div class=\"aio-icon none \"  style=\"color:#333333;font-size:10px;display:inline-block;\">\n\t<i class=\"Defaults-circle\"><\/i>\n<\/div><\/div><\/div>\n<\/div><span  data-ultimate-target='#list-icon-wrap-7290 .uavc-list-desc'  data-responsive-json-new='{\"font-size\":\"\",\"line-height\":\"\"}'  class=\"uavc-list-desc ult-responsive\" style=\"\">Erstellen von Konstruktionszeichnungen mit Hilfe von AutoCAD und BricsCAD f\u00fcr internationale Projekte im Fassadenbau<\/span><\/div><\/li><li><div class=\"uavc-list-content\" id=\"list-icon-wrap-9559\">\n<div class=\"uavc-list-icon  \" data-animation=\"\" data-animation-delay=\"03\" style=\"margin-right:10px;\"><div class=\"ult-just-icon-wrapper  \"><div class=\"align-icon\" style=\"text-align:center;\">\n<div class=\"aio-icon none \"  style=\"color:#333333;font-size:10px;display:inline-block;\">\n\t<i class=\"Defaults-circle\"><\/i>\n<\/div><\/div><\/div>\n<\/div><span  data-ultimate-target='#list-icon-wrap-9559 .uavc-list-desc'  data-responsive-json-new='{\"font-size\":\"\",\"line-height\":\"\"}'  class=\"uavc-list-desc ult-responsive\" style=\"\">Anfertigen von Ausf\u00fchrungsunterlagen wie Werks- und Montagepl\u00e4ne anhand von Entwurfsskizzen und Vorgaben<\/span><\/div><\/li><li><div class=\"uavc-list-content\" id=\"list-icon-wrap-4523\">\n<div class=\"uavc-list-icon  \" data-animation=\"\" data-animation-delay=\"03\" style=\"margin-right:10px;\"><div class=\"ult-just-icon-wrapper  \"><div class=\"align-icon\" style=\"text-align:center;\">\n<div class=\"aio-icon none \"  style=\"color:#333333;font-size:10px;display:inline-block;\">\n\t<i class=\"Defaults-circle\"><\/i>\n<\/div><\/div><\/div>\n<\/div><span  data-ultimate-target='#list-icon-wrap-4523 .uavc-list-desc'  data-responsive-json-new='{\"font-size\":\"\",\"line-height\":\"\"}'  class=\"uavc-list-desc ult-responsive\" style=\"\">Mitwirkung bei der Gestaltung und Erarbeitung von technischen L\u00f6sungen<\/span><\/div><\/li><li><div class=\"uavc-list-content\" id=\"list-icon-wrap-3340\">\n<div class=\"uavc-list-icon  \" data-animation=\"\" data-animation-delay=\"03\" style=\"margin-right:10px;\"><div class=\"ult-just-icon-wrapper  \"><div class=\"align-icon\" style=\"text-align:center;\">\n<div class=\"aio-icon none \"  style=\"color:#333333;font-size:10px;display:inline-block;\">\n\t<i class=\"Defaults-circle\"><\/i>\n<\/div><\/div><\/div>\n<\/div><span  data-ultimate-target='#list-icon-wrap-3340 .uavc-list-desc'  data-responsive-json-new='{\"font-size\":\"\",\"line-height\":\"\"}'  class=\"uavc-list-desc ult-responsive\" style=\"\">Anlegen und verwalten von St\u00fccklisten und Produktionsauftr\u00e4gen<\/span><\/div><\/li><li><div class=\"uavc-list-content\" id=\"list-icon-wrap-3576\">\n<div class=\"uavc-list-icon  \" data-animation=\"\" data-animation-delay=\"03\" style=\"margin-right:10px;\"><div class=\"ult-just-icon-wrapper  \"><div class=\"align-icon\" style=\"text-align:center;\">\n<div class=\"aio-icon none \"  style=\"color:#333333;font-size:10px;display:inline-block;\">\n\t<i class=\"Defaults-circle\"><\/i>\n<\/div><\/div><\/div>\n<\/div><span  data-ultimate-target='#list-icon-wrap-3576 .uavc-list-desc'  data-responsive-json-new='{\"font-size\":\"\",\"line-height\":\"\"}'  class=\"uavc-list-desc ult-responsive\" style=\"\">Austausch mit den Bauherren sowie den internen Fachabteilungen<\/span><\/div><\/li><\/ul><\/div>[\/vc_column][vc_column width=&#8221;1\/3&#8243;][vc_custom_heading text=&#8221;Your profile&#8221; use_theme_fonts=&#8221;yes&#8221;][vc_empty_space height=&#8221;35px&#8221;]<div class=\"uavc-list-icon uavc-list-icon-wrapper ult-adjust-bottom-margin   \"><ul class=\"uavc-list\"><li><div class=\"uavc-list-content\" id=\"list-icon-wrap-6132\">\n<div class=\"uavc-list-icon  \" data-animation=\"\" data-animation-delay=\"03\" style=\"margin-right:10px;\"><div class=\"ult-just-icon-wrapper  \"><div class=\"align-icon\" style=\"text-align:center;\">\n<div class=\"aio-icon none \"  style=\"color:#333333;font-size:10px;display:inline-block;\">\n\t<i class=\"Defaults-circle\"><\/i>\n<\/div><\/div><\/div>\n<\/div><span  data-ultimate-target='#list-icon-wrap-6132 .uavc-list-desc'  data-responsive-json-new='{\"font-size\":\"\",\"line-height\":\"\"}'  class=\"uavc-list-desc ult-responsive\" style=\"\">Sie verf\u00fcgen \u00fcber eine abgeschlossene technische oder gewerbliche Ausbildung, Erfahrung als Konstrukteur oder eine vergleichbare Qualifikation<\/span><\/div><\/li><li><div class=\"uavc-list-content\" id=\"list-icon-wrap-8426\">\n<div class=\"uavc-list-icon  \" data-animation=\"\" data-animation-delay=\"03\" style=\"margin-right:10px;\"><div class=\"ult-just-icon-wrapper  \"><div class=\"align-icon\" style=\"text-align:center;\">\n<div class=\"aio-icon none \"  style=\"color:#333333;font-size:10px;display:inline-block;\">\n\t<i class=\"Defaults-circle\"><\/i>\n<\/div><\/div><\/div>\n<\/div><span  data-ultimate-target='#list-icon-wrap-8426 .uavc-list-desc'  data-responsive-json-new='{\"font-size\":\"\",\"line-height\":\"\"}'  class=\"uavc-list-desc ult-responsive\" style=\"\">Idealerweise Erfahrungen im Stahl- und Metallbau<\/span><\/div><\/li><li><div class=\"uavc-list-content\" id=\"list-icon-wrap-8372\">\n<div class=\"uavc-list-icon  \" data-animation=\"\" data-animation-delay=\"03\" style=\"margin-right:10px;\"><div class=\"ult-just-icon-wrapper  \"><div class=\"align-icon\" style=\"text-align:center;\">\n<div class=\"aio-icon none \"  style=\"color:#333333;font-size:10px;display:inline-block;\">\n\t<i class=\"Defaults-circle\"><\/i>\n<\/div><\/div><\/div>\n<\/div><span  data-ultimate-target='#list-icon-wrap-8372 .uavc-list-desc'  data-responsive-json-new='{\"font-size\":\"\",\"line-height\":\"\"}'  class=\"uavc-list-desc ult-responsive\" style=\"\">Kenntnisse im Umgang mit EDV-Programmen, AutoCAD und BricsCAD sind w\u00fcnschenswert, jedoch keine Voraussetzung<\/span><\/div><\/li><li><div class=\"uavc-list-content\" id=\"list-icon-wrap-4290\">\n<div class=\"uavc-list-icon  \" data-animation=\"\" data-animation-delay=\"03\" style=\"margin-right:10px;\"><div class=\"ult-just-icon-wrapper  \"><div class=\"align-icon\" style=\"text-align:center;\">\n<div class=\"aio-icon none \"  style=\"color:#333333;font-size:10px;display:inline-block;\">\n\t<i class=\"Defaults-circle\"><\/i>\n<\/div><\/div><\/div>\n<\/div><span  data-ultimate-target='#list-icon-wrap-4290 .uavc-list-desc'  data-responsive-json-new='{\"font-size\":\"\",\"line-height\":\"\"}'  class=\"uavc-list-desc ult-responsive\" style=\"\">Organisierte und eigenst\u00e4ndige Arbeitsweise sowie Team- und Kommunikationsf\u00e4higkeit runden Ihr Profil ab<\/span><\/div><\/li><\/ul><\/div>[\/vc_column][vc_column width=&#8221;1\/3&#8243;][vc_custom_heading text=&#8221;SIE ERWARTET&#8221; use_theme_fonts=&#8221;yes&#8221;][vc_empty_space height=&#8221;35px&#8221;]<div class=\"uavc-list-icon uavc-list-icon-wrapper ult-adjust-bottom-margin   \"><ul class=\"uavc-list\"><li><div class=\"uavc-list-content\" id=\"list-icon-wrap-6465\">\n<div class=\"uavc-list-icon  \" data-animation=\"\" data-animation-delay=\"03\" style=\"margin-right:10px;\"><div class=\"ult-just-icon-wrapper  \"><div class=\"align-icon\" style=\"text-align:center;\">\n<div class=\"aio-icon none \"  style=\"color:#333333;font-size:10px;display:inline-block;\">\n\t<i class=\"Defaults-circle\"><\/i>\n<\/div><\/div><\/div>\n<\/div><span  data-ultimate-target='#list-icon-wrap-6465 .uavc-list-desc'  data-responsive-json-new='{\"font-size\":\"\",\"line-height\":\"\"}'  class=\"uavc-list-desc ult-responsive\" style=\"\">Ein famili\u00e4res und kollegiales Arbeitsumfeld sowie flache Hierarchieebenen mit schnellen Entscheidungswegen<\/span><\/div><\/li><li><div class=\"uavc-list-content\" id=\"list-icon-wrap-1805\">\n<div class=\"uavc-list-icon  \" data-animation=\"\" data-animation-delay=\"03\" style=\"margin-right:10px;\"><div class=\"ult-just-icon-wrapper  \"><div class=\"align-icon\" style=\"text-align:center;\">\n<div class=\"aio-icon none \"  style=\"color:#333333;font-size:10px;display:inline-block;\">\n\t<i class=\"Defaults-circle\"><\/i>\n<\/div><\/div><\/div>\n<\/div><span  data-ultimate-target='#list-icon-wrap-1805 .uavc-list-desc'  data-responsive-json-new='{\"font-size\":\"\",\"line-height\":\"\"}'  class=\"uavc-list-desc ult-responsive\" style=\"\">Neben einem attraktiven Gehalt erwarten Sie vielf\u00e4ltige Weiterbildungsm\u00f6glichkeiten sowie pers\u00f6nliche Entwicklungsm\u00f6glichkeiten<\/span><\/div><\/li><li><div class=\"uavc-list-content\" id=\"list-icon-wrap-1070\">\n<div class=\"uavc-list-icon  \" data-animation=\"\" data-animation-delay=\"03\" style=\"margin-right:10px;\"><div class=\"ult-just-icon-wrapper  \"><div class=\"align-icon\" style=\"text-align:center;\">\n<div class=\"aio-icon none \"  style=\"color:#333333;font-size:10px;display:inline-block;\">\n\t<i class=\"Defaults-circle\"><\/i>\n<\/div><\/div><\/div>\n<\/div><span  data-ultimate-target='#list-icon-wrap-1070 .uavc-list-desc'  data-responsive-json-new='{\"font-size\":\"\",\"line-height\":\"\"}'  class=\"uavc-list-desc ult-responsive\" style=\"\">Ein breites Aufgabenspektrum rund um abwechslungsreiche und spannende Projekte im Fassadenbau mit eigenverantwortlichem Handeln<\/span><\/div><\/li><li><div class=\"uavc-list-content\" id=\"list-icon-wrap-1879\">\n<div class=\"uavc-list-icon  \" data-animation=\"\" data-animation-delay=\"03\" style=\"margin-right:10px;\"><div class=\"ult-just-icon-wrapper  \"><div class=\"align-icon\" style=\"text-align:center;\">\n<div class=\"aio-icon none \"  style=\"color:#333333;font-size:10px;display:inline-block;\">\n\t<i class=\"Defaults-circle\"><\/i>\n<\/div><\/div><\/div>\n<\/div><span  data-ultimate-target='#list-icon-wrap-1879 .uavc-list-desc'  data-responsive-json-new='{\"font-size\":\"\",\"line-height\":\"\"}'  class=\"uavc-list-desc ult-responsive\" style=\"\">Eigenverantwortliches Handeln mit der M\u00f6glichkeit eigene Ideen einzubringen und umzusetzen<\/span><\/div><\/li><li><div class=\"uavc-list-content\" id=\"list-icon-wrap-6458\">\n<div class=\"uavc-list-icon  \" data-animation=\"\" data-animation-delay=\"03\" style=\"margin-right:10px;\"><div class=\"ult-just-icon-wrapper  \"><div class=\"align-icon\" style=\"text-align:center;\">\n<div class=\"aio-icon none \"  style=\"color:#333333;font-size:10px;display:inline-block;\">\n\t<i class=\"Defaults-circle\"><\/i>\n<\/div><\/div><\/div>\n<\/div><span  data-ultimate-target='#list-icon-wrap-6458 .uavc-list-desc'  data-responsive-json-new='{\"font-size\":\"\",\"line-height\":\"\"}'  class=\"uavc-list-desc ult-responsive\" style=\"\">Eine fundierte Einarbeitung in Ihr neues Aufgabengebiet<\/span><\/div><\/li><li><div class=\"uavc-list-content\" id=\"list-icon-wrap-5798\">\n<div class=\"uavc-list-icon  \" data-animation=\"\" data-animation-delay=\"03\" style=\"margin-right:10px;\"><div class=\"ult-just-icon-wrapper  \"><div class=\"align-icon\" style=\"text-align:center;\">\n<div class=\"aio-icon none \"  style=\"color:#333333;font-size:10px;display:inline-block;\">\n\t<i class=\"Defaults-circle\"><\/i>\n<\/div><\/div><\/div>\n<\/div><span  data-ultimate-target='#list-icon-wrap-5798 .uavc-list-desc'  data-responsive-json-new='{\"font-size\":\"\",\"line-height\":\"\"}'  class=\"uavc-list-desc ult-responsive\" style=\"\">Sicherer und moderner Arbeitsplatz in einem zukunftsorientierten Unternehmen<\/span><\/div><\/li><li><div class=\"uavc-list-content\" id=\"list-icon-wrap-2863\">\n<div class=\"uavc-list-icon  \" data-animation=\"\" data-animation-delay=\"03\" style=\"margin-right:10px;\"><div class=\"ult-just-icon-wrapper  \"><div class=\"align-icon\" style=\"text-align:center;\">\n<div class=\"aio-icon none \"  style=\"color:#333333;font-size:10px;display:inline-block;\">\n\t<i class=\"Defaults-circle\"><\/i>\n<\/div><\/div><\/div>\n<\/div><span  data-ultimate-target='#list-icon-wrap-2863 .uavc-list-desc'  data-responsive-json-new='{\"font-size\":\"\",\"line-height\":\"\"}'  class=\"uavc-list-desc ult-responsive\" style=\"\">Gerne erm\u00f6glichen wir auch <strong>Quereinsteigern<\/strong> den Einstieg in unser Unternehmen<\/span><\/div><\/li><\/ul><\/div>[\/vc_column][\/vc_row][vc_row gap=&#8221;35&#8243; css=&#8221;.vc_custom_1622031978754{padding-right: 30px !important;}&#8221;][vc_column][vc_empty_space height=&#8221;60&#8243;][vc_custom_heading text=&#8221;Please note: This job offer is currently only available in German language.&#8221; use_theme_fonts=&#8221;yes&#8221;][\/vc_column][\/vc_row][vc_row gap=&#8221;30&#8243; equal_height=&#8221;yes&#8221; css=&#8221;.vc_custom_1610532125985{padding-right: 15px !important;}&#8221;][vc_column width=&#8221;1\/4&#8243;][vc_single_image image=&#8221;4874&#8243; img_size=&#8221;500&#215;500&#8243;][\/vc_column][vc_column width=&#8221;1\/4&#8243;][vc_single_image image=&#8221;4841&#8243; img_size=&#8221;500&#215;500&#8243;][\/vc_column][vc_column width=&#8221;1\/4&#8243;][vc_single_image image=&#8221;4824&#8243; img_size=&#8221;500&#215;500&#8243;][\/vc_column][vc_column width=&#8221;1\/4&#8243;][vc_single_image image=&#8221;7756&#8243; img_size=&#8221;500&#215;500&#8243;][\/vc_column][\/vc_row][vc_row el_class=&#8221;form-btn&#8221; css=&#8221;.vc_custom_1597512466908{margin-left: 0px !important;}&#8221;][vc_column css=&#8221;.vc_custom_1597512458945{padding-top: 30px !important;background-color: #f6f6f6 !important;}&#8221;]<div class=\" ubtn-ctn-center \"><a class=\"ubtn-link ult-adjust-bottom-margin ubtn-center ubtn-large \" href=\"\/en\/jobs\/unsolicited-application\/\" ><button type=\"button\" id=\"ubtn-5329\"  class=\"ubtn ult-adjust-bottom-margin ult-responsive ubtn-large ubtn-no-hover-bg  none  ubtn-center   tooltip-69f5c503a50b8\"  data-hover=\"\" data-border-color=\"\" data-bg=\"#f6f6f6\" data-hover-bg=\"\" data-border-hover=\"\" data-shadow-hover=\"\" data-shadow-click=\"none\" data-shadow=\"\" data-shd-shadow=\"\"  data-ultimate-target='#ubtn-5329'  data-responsive-json-new='{\"font-size\":\"desktop:40px;\",\"line-height\":\"\"}'  style=\"font-weight:bold;border:none;background: #f6f6f6;color: #017955;\"><span class=\"ubtn-hover\" style=\"background-color:\"><\/span><span class=\"ubtn-data ubtn-text \" >Didn&#039;t find anything suitable? - You can send us your unsolicited application HERE!<\/span><\/button><\/a><\/div>[\/vc_column][\/vc_row][vc_row disable_element=&#8221;yes&#8221;][vc_column]<div class=\"sgb_pdf_page_end\"><\/div>[\/vc_column][\/vc_row][vc_row disable_element=&#8221;yes&#8221;][vc_column]<div class=\"sgb_pdf_wrapper\"><a target=\"_blank\" rel=\"noindex,nofollow\" data-post_url=\"https:\/\/www.schneider-fassaden.de\/en\/jobs\/cad-designer-m-f-d-full-time\/?generate_pdf=true\" data-post_id=\"9572\" title=\"Download PDF\" data-pdf_cache=\"\" data-pdf_class=\"\" data-pdf_id=\"\" class=\"sgb_pgawvc_pdf_button\" data-pdf_mode=\"1\"><img loading=\"lazy\" decoding=\"async\" alt=\"Download PDF\" src=\"https:\/\/www.schneider-fassaden.de\/wp-content\/uploads\/2020\/04\/Icon_arrowdown_grey-e1587814516580.png\" width=\"40\" height=\"60\"><\/a><\/div>[\/vc_column][\/vc_row][vc_row gap=&#8221;35&#8243; disable_element=&#8221;yes&#8221; css=&#8221;.vc_custom_1636714869658{padding-right: 15px !important;background-color: #017955 !important;}&#8221;][vc_column css=&#8221;.vc_custom_1585496943819{margin-bottom: -20px !important;padding-top: 15px !important;}&#8221;][vc_column_text el_class=&#8221;white-text&#8221;][\/vc_column_text][\/vc_column][\/vc_row][vc_row gap=&#8221;35&#8243; content_placement=&#8221;middle&#8221; disable_element=&#8221;yes&#8221; css=&#8221;.vc_custom_1663218971422{padding-right: 30px !important;background-color: #017955 !important;}&#8221; el_class=&#8221;pdf_display_none&#8221;][vc_column css=&#8221;.vc_custom_1585496943819{margin-bottom: -20px !important;padding-top: 15px !important;}&#8221;]<div class=\"sgb_pdf_wrapper\"><a target=\"_blank\" rel=\"noindex,nofollow\" data-post_url=\"https:\/\/www.schneider-fassaden.de\/en\/jobs\/cad-designer-m-f-d-full-time\/?generate_pdf=true\" data-post_id=\"9572\" title=\"Download PDF\" data-pdf_cache=\"\" data-pdf_class=\"\" data-pdf_id=\"\" class=\"sgb_pgawvc_pdf_button\" data-pdf_mode=\"1\"><img loading=\"lazy\" decoding=\"async\" alt=\"Download PDF\" src=\"https:\/\/www.schneider-fassaden.de\/wp-content\/uploads\/2020\/08\/download_icon.png\" width=\"200\" height=\"40\"><\/a><\/div>[\/vc_column][\/vc_row][vc_row gap=&#8221;35&#8243; disable_element=&#8221;yes&#8221; el_id=&#8221;contactform&#8221; css=&#8221;.vc_custom_1663218981803{padding-right: 15px !important;}&#8221;][vc_column width=&#8221;1\/2&#8243;][vc_custom_heading text=&#8221;APPLICATION FORM&#8221; use_theme_fonts=&#8221;yes&#8221;][vc_column_text]Please also note our data protection information when entering your data. If you have any questions, please feel free to contact us by phone. We look forward to receiving your application. You can send us your documents in writing using the application form, by e-mail or by post:[\/vc_column_text][vc_custom_heading text=&#8221;Your contact person&#8221; font_container=&#8221;tag:h5|text_align:left&#8221; use_theme_fonts=&#8221;yes&#8221;][vc_basic_grid post_type=&#8221;ansprechpartner&#8221; max_items=&#8221;-1&#8243; show_filter=&#8221;yes&#8221; element_width=&#8221;12&#8243; gap=&#8221;0&#8243; filter_style=&#8221;bordered&#8221; item=&#8221;713&#8243; grid_id=&#8221;vc_gid:1663218914188-9094a3bf-ce47-0&#8243; filter_source=&#8221;standorte&#8221; taxonomies=&#8221;37&#8243;][\/vc_column][vc_column width=&#8221;1\/2&#8243; el_class=&#8221;kontakt&#8221;]\n<div class=\"wpcf7 no-js\" id=\"wpcf7-f267-o1\" lang=\"de-DE\" dir=\"ltr\" data-wpcf7-id=\"267\">\n<div class=\"screen-reader-response\"><p role=\"status\" aria-live=\"polite\" aria-atomic=\"true\"><\/p> <ul><\/ul><\/div>\n<form action=\"\/en\/wp-json\/wp\/v2\/jobs\/9572#wpcf7-f267-o1\" method=\"post\" class=\"wpcf7-form init\" aria-label=\"Kontaktformular\" novalidate=\"novalidate\" data-status=\"init\">\n<fieldset class=\"hidden-fields-container\"><input type=\"hidden\" name=\"_wpcf7\" value=\"267\" \/><input type=\"hidden\" name=\"_wpcf7_version\" value=\"6.1.4\" \/><input type=\"hidden\" name=\"_wpcf7_locale\" value=\"de_DE\" \/><input type=\"hidden\" name=\"_wpcf7_unit_tag\" value=\"wpcf7-f267-o1\" \/><input type=\"hidden\" name=\"_wpcf7_container_post\" value=\"0\" \/><input type=\"hidden\" name=\"_wpcf7_posted_data_hash\" value=\"\" \/><input type=\"hidden\" name=\"_wpcf7dtx_version\" value=\"5.0.4\" \/>\n<\/fieldset>\n<p><span class=\"wpcf7-form-control-wrap dynamicname\" data-name=\"dynamicname\"><input type=\"text\" name=\"dynamicname\" class=\"wpcf7-form-control wpcf7-text wpcf7dtx wpcf7dtx-text\" aria-invalid=\"false\" readonly=\"readonly\" value=\"CAD Designer (m\/f\/d) full time\"><\/span>\n<\/p>\n<div class=\"vc_row\">\n\t<div class=\"vc_col-sm-12\">\n\t\t<p><span class=\"wpcf7-form-control-wrap\" data-name=\"location\"><select class=\"wpcf7-form-control wpcf7-select wpcf7-validates-as-required\" aria-required=\"true\" aria-invalid=\"false\" name=\"location\"><option value=\"Calau &lt;bewerbung@rapid-calau.de&gt;\">Calau<\/option><option >Luxemburg<\/option><option value=\"Radeburg &lt;bewerbung@rf-fassaden.de&gt;\">Radeburg<\/option><option value=\"Stimpfach&lt;bewerbung@schneider-fassaden.de&gt;\">Stimpfach<\/option><\/select><\/span>\n\t\t<\/p>\n\t\t<p><span class=\"wpcf7-form-control-wrap\" data-name=\"anrede\"><select class=\"wpcf7-form-control wpcf7-select wpcf7-validates-as-required\" aria-required=\"true\" aria-invalid=\"false\" name=\"anrede\"><option value=\"\">Neutrale Anrede<\/option><option value=\"Herr\">Herr<\/option><option value=\"Frau\">Frau<\/option><\/select><\/span>\n\t\t<\/p>\n\t\t<p><span class=\"wpcf7-form-control-wrap\" data-name=\"vor-name\"><input size=\"40\" maxlength=\"400\" class=\"wpcf7-form-control wpcf7-text wpcf7-validates-as-required\" aria-required=\"true\" aria-invalid=\"false\" placeholder=\"Vorname *\" value=\"\" type=\"text\" name=\"vor-name\" \/><\/span>\n\t\t<\/p>\n\t\t<p><span class=\"wpcf7-form-control-wrap\" data-name=\"nach-name\"><input size=\"40\" maxlength=\"400\" class=\"wpcf7-form-control wpcf7-text wpcf7-validates-as-required\" aria-required=\"true\" aria-invalid=\"false\" placeholder=\"Nachname *\" value=\"\" type=\"text\" name=\"nach-name\" \/><\/span>\n\t\t<\/p>\n\t\t<p><span class=\"wpcf7-form-control-wrap\" data-name=\"str\"><input size=\"40\" maxlength=\"400\" class=\"wpcf7-form-control wpcf7-text wpcf7-validates-as-required\" aria-required=\"true\" aria-invalid=\"false\" placeholder=\"Stra\u00dfe *\" value=\"\" type=\"text\" name=\"str\" \/><\/span>\n\t\t<\/p>\n\t\t<p><span class=\"wpcf7-form-control-wrap\" data-name=\"hnr\"><input size=\"40\" maxlength=\"400\" class=\"wpcf7-form-control wpcf7-text wpcf7-validates-as-required\" aria-required=\"true\" aria-invalid=\"false\" placeholder=\"Hausnummer *\" value=\"\" type=\"text\" name=\"hnr\" \/><\/span>\n\t\t<\/p>\n\t\t<p><span class=\"wpcf7-form-control-wrap\" data-name=\"plz\"><input size=\"40\" maxlength=\"400\" class=\"wpcf7-form-control wpcf7-text wpcf7-validates-as-required\" aria-required=\"true\" aria-invalid=\"false\" placeholder=\"PLZ *\" value=\"\" type=\"text\" name=\"plz\" \/><\/span>\n\t\t<\/p>\n\t\t<p><span class=\"wpcf7-form-control-wrap\" data-name=\"ort\"><input size=\"40\" maxlength=\"400\" class=\"wpcf7-form-control wpcf7-text wpcf7-validates-as-required\" aria-required=\"true\" aria-invalid=\"false\" placeholder=\"Ort *\" value=\"\" type=\"text\" name=\"ort\" \/><\/span>\n\t\t<\/p>\n\t\t<p><span class=\"wpcf7-form-control-wrap\" data-name=\"land\"><input size=\"40\" maxlength=\"400\" class=\"wpcf7-form-control wpcf7-text\" aria-invalid=\"false\" placeholder=\"Land\" value=\"\" type=\"text\" name=\"land\" \/><\/span>\n\t\t<\/p>\n\t\t<p><span class=\"wpcf7-form-control-wrap\" data-name=\"gebdatum\"><input size=\"40\" maxlength=\"400\" class=\"wpcf7-form-control wpcf7-text\" aria-invalid=\"false\" placeholder=\"Geburtsdatum\" value=\"\" type=\"text\" name=\"gebdatum\" \/><\/span>\n\t\t<\/p>\n\t\t<p><span class=\"wpcf7-form-control-wrap\" data-name=\"gebort\"><input size=\"40\" maxlength=\"400\" class=\"wpcf7-form-control wpcf7-text\" aria-invalid=\"false\" placeholder=\"Geburtsort\" value=\"\" type=\"text\" name=\"gebort\" \/><\/span>\n\t\t<\/p>\n\t\t<p><span class=\"wpcf7-form-control-wrap\" data-name=\"tel\"><input size=\"40\" maxlength=\"400\" class=\"wpcf7-form-control wpcf7-text\" aria-invalid=\"false\" placeholder=\"Telefon\" value=\"\" type=\"text\" name=\"tel\" \/><\/span>\n\t\t<\/p>\n\t\t<p><span class=\"wpcf7-form-control-wrap\" data-name=\"your-email\"><input size=\"40\" maxlength=\"400\" class=\"wpcf7-form-control wpcf7-email wpcf7-validates-as-required wpcf7-text wpcf7-validates-as-email\" aria-required=\"true\" aria-invalid=\"false\" placeholder=\"E-Mail *\" value=\"\" type=\"email\" name=\"your-email\" \/><\/span>\n\t\t<\/p>\n\t\t<p><span class=\"wpcf7-form-control-wrap\" data-name=\"kuendigung\"><input size=\"40\" maxlength=\"400\" class=\"wpcf7-form-control wpcf7-text wpcf7-validates-as-required\" aria-required=\"true\" aria-invalid=\"false\" placeholder=\"K\u00fcndigungsfrist *\" value=\"\" type=\"text\" name=\"kuendigung\" \/><\/span>\n\t\t<\/p>\n\t\t<p><span class=\"wpcf7-form-control-wrap\" data-name=\"gehalt\"><input size=\"40\" maxlength=\"400\" class=\"wpcf7-form-control wpcf7-text wpcf7-validates-as-required\" aria-required=\"true\" aria-invalid=\"false\" placeholder=\"Gehaltsvorstellung *\" value=\"\" type=\"text\" name=\"gehalt\" \/><\/span>\n\t\t<\/p>\n\t\t<p style=\"padding-left:15px;padding-top:10px;\">Wie sind Sie auf das Jobangebot aufmerksam geworden?\n\t\t<\/p>\n\t\t<p><span class=\"wpcf7-form-control-wrap\" data-name=\"aufmerksam\"><select class=\"wpcf7-form-control wpcf7-select wpcf7-validates-as-required\" aria-required=\"true\" aria-invalid=\"false\" name=\"aufmerksam\"><option value=\"Bitte ausw\u00e4hlen\">Bitte ausw\u00e4hlen<\/option><option value=\"Homepage\">Homepage<\/option><option value=\"Familie, Freunde, Bekannte\">Familie, Freunde, Bekannte<\/option><option value=\"Zeitungsanzeige\">Zeitungsanzeige<\/option><option value=\"Plakatwerbung\">Plakatwerbung<\/option><option value=\"Messe\">Messe<\/option><option value=\"Facebook\">Facebook<\/option><option value=\"Instagram\">Instagram<\/option><option value=\"Xing\">Xing<\/option><option value=\"LinkedIn\">LinkedIn<\/option><option value=\"Indeed\">Indeed<\/option><option value=\"Agentur f\u00fcr Arbeit (Jobb\u00f6rse)\">Agentur f\u00fcr Arbeit (Jobb\u00f6rse)<\/option><option value=\"Ebay Kleinanzeigen\">Ebay Kleinanzeigen<\/option><option value=\"Sonstiges\">Sonstiges<\/option><\/select><\/span>\n\t\t<\/p>\n\t\t<p style=\"padding-left:15px;padding-bottom:20px;padding-top:10px;\"><br \/>\nDie Dateigr\u00f6\u00dfe je angeh\u00e4ngtes Dokument sollte 4 MB nicht<br \/>\n\u00fcberschreiten. Max. Dateiupload insgesamt 10 MB.<br \/>\nSie k\u00f6nnen folgenden Dateityp hochladen: pdf\n\t\t<\/p>\n\t<\/div>\n<\/div>\n<div class=\"file leben\">\n\t<p><span class=\"wpcf7-form-control-wrap\" data-name=\"upload-file-392\"><input size=\"40\" class=\"wpcf7-form-control wpcf7-drag-n-drop-file d-none\" aria-required=\"true\" aria-invalid=\"false\" type=\"file\" multiple=\"multiple\" data-name=\"upload-file-392\" data-type=\"pdf\" data-id=\"267\" data-version=\"free version 1.3.9.5\" accept=\".pdf\" \/><\/span>\n\t<\/p>\n<\/div>\n<div class=\"vc_row\">\n\t<div class=\"vc_col-sm-12\">\n\t\t<p><span class=\"wpcf7-form-control-wrap\" data-name=\"acceptance-gdpr\"><span class=\"wpcf7-form-control wpcf7-acceptance\"><span class=\"wpcf7-list-item\"><input type=\"checkbox\" name=\"acceptance-gdpr\" value=\"1\" aria-invalid=\"false\" \/><\/span><\/span><\/span> Ich stimme den <a href=\"datenschutz\" target=\"blank\" style=\"color:#017955;font-weight:900;\">Datenschutzbestimmungen<\/a> zu *.\n\t\t<\/p>\n\t\t<p class=\"mandatory\"> * Pflichtfelder\n\t\t<\/p>\n\t<\/div>\n<\/div>\n<div class=\"vc_row \">\n\t<div class=\"vc_col-sm-12 send-button\">\n\t\t<p><p><span class=\"wpcf7-form-control-wrap\"><input type=\"hidden\" name=\"php_start_time\" value=\"1777714435.4399\" \/><input type=\"hidden\" name=\"js_end_time\" class=\"js_end_time\" value=\"\" \/><input type=\"hidden\" name=\"js_start_time\" class=\"js_start_time\" value=\"\" \/><input id=\"f12_captcha\" type=\"text\" style=\"visibility:hidden!important; opacity:1!important; height:0!important; width:0!important; margin:0!important; padding:0!important;\" name=\"f12_captcha\" value=\"\"\/><\/span><\/p><input class=\"wpcf7-form-control wpcf7-submit has-spinner\" type=\"submit\" value=\"BEWERBUNG ABSCHICKEN\" \/>\n\t\t<\/p>\n\t<\/div>\n<\/div><div class=\"wpcf7-response-output\" aria-hidden=\"true\"><\/div>\n<\/form>\n<\/div>\n[\/vc_column][\/vc_row]<\/p><\/div>","protected":false},"excerpt":{"rendered":"<p>[vc_row disable_element=&#8221;yes&#8221;][vc_column][\/vc_column][\/vc_row][vc_row gap=&#8221;35&#8243; disable_element=&#8221;yes&#8221; css=&#8221;.vc_custom_1663218934198{padding-right: 30px !important;}&#8221;][vc_column][vc_column_text]Rapid Calau\u00a0ist innerhalb der Schneider Gruppe der Spezialist f\u00fcr automatisierte Fassadenbauteile und Komponenten und hat aufgrund der geografischen N\u00e4he einen besonderen Schwerpunkt auf den Gro\u00dfraum Berlin, f\u00fcr welchen es [&hellip;]<\/p>\n","protected":false},"author":15,"featured_media":1831,"menu_order":0,"template":"","format":"standard","meta":{"_acf_changed":false},"standorte":[106],"bereich":[107],"class_list":["post-9572","jobs","type-jobs","status-publish","format-standard","has-post-thumbnail","hentry","standorte-calau-en","bereich-technisch-en"],"acf":[],"_links":{"self":[{"href":"https:\/\/www.schneider-fassaden.de\/en\/wp-json\/wp\/v2\/jobs\/9572","targetHints":{"allow":["GET"]}}],"collection":[{"href":"https:\/\/www.schneider-fassaden.de\/en\/wp-json\/wp\/v2\/jobs"}],"about":[{"href":"https:\/\/www.schneider-fassaden.de\/en\/wp-json\/wp\/v2\/types\/jobs"}],"author":[{"embeddable":true,"href":"https:\/\/www.schneider-fassaden.de\/en\/wp-json\/wp\/v2\/users\/15"}],"wp:featuredmedia":[{"embeddable":true,"href":"https:\/\/www.schneider-fassaden.de\/en\/wp-json\/wp\/v2\/media\/1831"}],"wp:attachment":[{"href":"https:\/\/www.schneider-fassaden.de\/en\/wp-json\/wp\/v2\/media?parent=9572"}],"wp:term":[{"taxonomy":"standorte","embeddable":true,"href":"https:\/\/www.schneider-fassaden.de\/en\/wp-json\/wp\/v2\/standorte?post=9572"},{"taxonomy":"bereich","embeddable":true,"href":"https:\/\/www.schneider-fassaden.de\/en\/wp-json\/wp\/v2\/bereich?post=9572"}],"curies":[{"name":"wp","href":"https:\/\/api.w.org\/{rel}","templated":true}]}}